{"id":954,"date":"2018-11-15T11:01:30","date_gmt":"2018-11-15T10:01:30","guid":{"rendered":"http:\/\/icar.cnrs.fr\/comdoc\/?post_type=tribe_events&#038;p=954"},"modified":"2018-11-15T11:38:22","modified_gmt":"2018-11-15T10:38:22","slug":"954","status":"publish","type":"tribe_events","link":"https:\/\/icar.cnrs.fr\/comdoc\/event\/954\/","title":{"rendered":"Pr\u00e9sentation des travaux de recherche des doctorants ICAR"},"content":{"rendered":"<p><strong>Pr\u00e9sentation des travaux de recherche des doctorants ICAR.<br \/>\nENS de Lyon, salle F08.<br \/>\n<\/strong><\/p>\n<p><strong>4\/04\/2014<\/strong><\/p>\n<h1>Programme<\/h1>\n<table border=\"1\" width=\"635\" cellspacing=\"0\" cellpadding=\"0\">\n<tbody>\n<tr>\n<td valign=\"top\" width=\"91\"><b>9h30\u201310h<\/b><\/td>\n<td valign=\"top\">\n<p align=\"right\"><b><i>Introduction <\/i><\/b>:<br \/>\nComDoc et Direction du laboratoire<\/p>\n<\/td>\n<\/tr>\n<tr>\n<td valign=\"top\" width=\"91\"><b>10h\u201310h30<\/b><\/td>\n<td valign=\"top\"><strong>LEILA MEKANEZ<\/strong> (Equipe S3CoDi)<br \/>\nLa pr\u00e9position <i>\u00e0 <\/i>entre structure syntaxique et r\u00e9solution s\u00e9mantique\u00a0: le cas de compl\u00e9ments pr\u00e9positionnels de verbes<\/td>\n<\/tr>\n<tr>\n<td valign=\"top\" width=\"91\"><b>10h30\u201311h<\/b><\/td>\n<td valign=\"top\">\n<p align=\"right\"><b><i>Pause<\/i><\/b><\/p>\n<\/td>\n<\/tr>\n<tr>\n<td valign=\"top\" width=\"91\"><b>11h\u201311h30<\/b><\/td>\n<td valign=\"top\"><strong>VANESSA PICCOLI<\/strong> (Equipe IFPS)<br \/>\nLa reformulation dans une troisi\u00e8me langue : quelques s\u00e9quences de r\u00e9paration dans une conversation plurilingue en langues romanes<\/td>\n<\/tr>\n<tr>\n<td valign=\"top\" width=\"91\"><b>11h30\u201312h<\/b><\/td>\n<td valign=\"top\"><strong>JULIE VIDAL<\/strong> (Equipe ADIS)<br \/>\nImpact d\u2019une r\u00e9troaction corrective multimodale dans l\u2019enseignement\/apprentissage d\u2019une langue en ligne<\/td>\n<\/tr>\n<tr>\n<td valign=\"top\" width=\"91\"><b>12h\u201314h<\/b><\/td>\n<td valign=\"top\">\n<p align=\"right\"><b><i>D\u00e9jeuner<\/i><\/b><\/p>\n<\/td>\n<\/tr>\n<tr>\n<td valign=\"top\" width=\"91\"><b>14h\u201314h30<\/b><\/td>\n<td valign=\"top\"><strong>AMIROUCHE MAACHA<\/strong> (Equipe IFPS)<br \/>\nLa fouille des donn\u00e9es et les ressources lexicales<\/td>\n<\/tr>\n<tr>\n<td valign=\"top\" width=\"91\"><b>14h30\u201315h<\/b><\/td>\n<td valign=\"top\"><strong>ANGHAM ASSAAD<\/strong> (Equipe ADIS)<br \/>\nLe r\u00f4le de l\u2019enseignant intervenant dans des dispositifs de formation \u00e0 distance \u00e0 l\u2019universit\u00e9<\/td>\n<\/tr>\n<tr>\n<td valign=\"top\" width=\"91\"><b>15h\u201315h30<\/b><\/td>\n<td valign=\"top\">\n<p align=\"right\"><b><i>Pause<\/i><\/b><\/p>\n<\/td>\n<\/tr>\n<tr>\n<td valign=\"top\" width=\"91\"><b>15h30\u201316h<\/b><\/td>\n<td valign=\"top\"><strong>DO KIM THANH<\/strong> (Equipe ADIS)<br \/>\nAnalyse exploratoire du m\u00e9canisme de tours de parole des corpus endolingues fran\u00e7ais et vietnamiens<\/td>\n<\/tr>\n<tr>\n<td valign=\"top\" width=\"91\"><b>16h\u201316h30<\/b><\/td>\n<td valign=\"top\"><strong>FANNY FIGOLS<\/strong> (Equipe IFPS)<br \/>\nConcept polys\u00e9mique, corpus m\u00e9diatique : r\u00e9flexions m\u00e9thodologiques<\/td>\n<\/tr>\n<tr>\n<td valign=\"top\" width=\"91\"><b>16h30\u201317h<\/b><\/td>\n<td valign=\"top\"><strong>MATHIEU GOUX<\/strong> (Equipe S3CoDi)<br \/>\nLe pronom-d\u00e9terminant <i>lequel <\/i>dans la prose journalistique contemporaine : ajouts apr\u00e8s le point et polyphonie<\/td>\n<\/tr>\n<\/tbody>\n<\/table>\n","protected":false},"excerpt":{"rendered":"<p>Pr\u00e9sentation des travaux de recherche des doctorants ICAR. ENS de Lyon, salle F08. 4\/04\/2014 Programme 9h30\u201310h Introduction : ComDoc et Direction du laboratoire 10h\u201310h30 LEILA MEKANEZ (Equipe S3CoDi) La pr\u00e9position \u00e0 entre structure syntaxique et r\u00e9solution s\u00e9mantique\u00a0: le cas de &hellip; <a href=\"https:\/\/icar.cnrs.fr\/comdoc\/event\/954\/\">Continuer la lecture <span class=\"meta-nav\">&rarr;<\/span><\/a><\/p>\n","protected":false},"author":2,"featured_media":0,"template":"","meta":{"inline_featured_image":false,"_tribe_events_status":"","_tribe_events_status_reason":"","footnotes":""},"tags":[],"tribe_events_cat":[],"class_list":["post-954","tribe_events","type-tribe_events","status-publish","hentry"],"_links":{"self":[{"href":"https:\/\/icar.cnrs.fr\/comdoc\/wp-json\/wp\/v2\/tribe_events\/954","targetHints":{"allow":["GET"]}}],"collection":[{"href":"https:\/\/icar.cnrs.fr\/comdoc\/wp-json\/wp\/v2\/tribe_events"}],"about":[{"href":"https:\/\/icar.cnrs.fr\/comdoc\/wp-json\/wp\/v2\/types\/tribe_events"}],"author":[{"embeddable":true,"href":"https:\/\/icar.cnrs.fr\/comdoc\/wp-json\/wp\/v2\/users\/2"}],"version-history":[{"count":2,"href":"https:\/\/icar.cnrs.fr\/comdoc\/wp-json\/wp\/v2\/tribe_events\/954\/revisions"}],"predecessor-version":[{"id":958,"href":"https:\/\/icar.cnrs.fr\/comdoc\/wp-json\/wp\/v2\/tribe_events\/954\/revisions\/958"}],"wp:attachment":[{"href":"https:\/\/icar.cnrs.fr\/comdoc\/wp-json\/wp\/v2\/media?parent=954"}],"wp:term":[{"taxonomy":"post_tag","embeddable":true,"href":"https:\/\/icar.cnrs.fr\/comdoc\/wp-json\/wp\/v2\/tags?post=954"},{"taxonomy":"tribe_events_cat","embeddable":true,"href":"https:\/\/icar.cnrs.fr\/comdoc\/wp-json\/wp\/v2\/tribe_events_cat?post=954"}],"curies":[{"name":"wp","href":"https:\/\/api.w.org\/{rel}","templated":true}]}}