{"id":8,"date":"2016-11-02T17:38:51","date_gmt":"2016-11-02T16:38:51","guid":{"rendered":"https:\/\/icar.cnrs.fr\/membre\/cparpette\/?page_id=8"},"modified":"2019-04-09T13:36:54","modified_gmt":"2019-04-09T11:36:54","slug":"publications","status":"publish","type":"page","link":"https:\/\/icar.cnrs.fr\/membre\/cparpette\/publications\/","title":{"rendered":"Publications"},"content":{"rendered":"<h2>Liste des publications sur HAL<\/h2>\n<p><h2 class='hal7'>2025<\/h2><h3 class='hal7'>Communications sans actes<\/h3><p class='hal7'>Chantal Parpette, Evelyne Rosen-Reinhardt. Conf\u00e9rence pl\u00e9ni\u00e8re, Le projet ENVOL \u00e0 l'aune des  litt\u00e9racies universitaires. De la conception \u00e0 la recherche. <i>Journ\u00e9e d'\u00e9tude organis\u00e9e par l'ADCUEFE sur le projet ENVOL<\/i>, Jun 2025, Universit\u00e9 de Montpellier 3, France. <a target=\"_blank\" href=\"https:\/\/hal.science\/hal-05105175v1\">&#x27E8;hal-05105175&#x27E9;<\/a><\/p><h2 class='hal7'>2024<\/h2><h3 class='hal7'>Autres publications<\/h3><p class='hal7'>Nathalie Spanghero-Gaillard, Chantal Parpette. Quelles relations entre recherches et interventions en didactique du FLE. <i>Le Fran\u00e7ais dans le monde. Recherches et applications<\/i>, 76, 2024. <a target=\"_blank\" href=\"https:\/\/hal.science\/hal-04856762v1\">&#x27E8;hal-04856762&#x27E9;<\/a><\/p><h2 class='hal7'>2023<\/h2><h3 class='hal7'>Ouvrages<\/h3><p class='hal7'>Chantal Parpette, Jean-Marc Mangiante. Le fran\u00e7ais sur objectif sp\u00e9cifique. Ing\u00e9nierie de formation  et conception de programme.. 2023, 978-2-01-719951-9. <a target=\"_blank\" href=\"https:\/\/hal.science\/hal-04421752v1\">&#x27E8;hal-04421752&#x27E9;<\/a><\/p><p class='hal7'>Sophie Dufour, Chantal Parpette. Contextes et pratiques langagi\u00e8res en fran\u00e7ais langue \u00e9trang\u00e8re et seconde. 177 p., 2023, Etudes linguistiques - S\u00e9rie Didactique des langues, Jean-Marc Mangiante, 978-2-84832-561-3. <a target=\"_blank\" href=\"https:\/\/hal.science\/hal-04821351v1\">&#x27E8;hal-04821351&#x27E9;<\/a><\/p><h3 class='hal7'>Chapitres d'ouvrage<\/h3><p class='hal7'>\u00c9lisabeth Schneider, Christian Ollivier, Sophie Dufour, Chantal Parpette. Num\u00e9rique, \u00e9volution de la notion de contexte et pertinence en didactique. <i>Contextes et pratiques langagi\u00e8res en fran\u00e7ais langue \u00e9trang\u00e8re et seconde<\/i>, Artois Presses Universit\u00e9, 2023. <a target=\"_blank\" href=\"https:\/\/univ-reunion.hal.science\/hal-04179859v1\">&#x27E8;hal-04179859&#x27E9;<\/a><\/p><h2 class='hal7'>2022<\/h2><h3 class='hal7'>Ouvrages<\/h3><p class='hal7'>Jean-Marc Mangiante, Chantal Parpette (Dir.). Le FOS aujourd\u2019hui. \u00c9tat de la recherche en Fran\u00e7ais sur Objectif Sp\u00e9cifique. Peter Lang Verlag, 2022, 978-2-8076-1784-1. <a target=\"_blank\" href=\"https:\/\/dx.doi.org\/10.3726\/b19432\">&#x27E8;10.3726\/b19432&#x27E9;<\/a>. <a target=\"_blank\" href=\"https:\/\/hal.science\/hal-04153353v1\">&#x27E8;hal-04153353&#x27E9;<\/a><\/p><h3 class='hal7'>Chapitres d'ouvrage<\/h3><p class='hal7'>Chantal Parpette, Nian Liu. Discours authentiques et collecte de donn\u00e9es en Fran\u00e7ais sur Objectif Sp\u00e9cifique. Chantal Parpette; Jean-Marc Mangiante. <i>Le FOS aujourd\u2019hui. \u00c9tat de la recherche en Fran\u00e7ais sur Objectif Sp\u00e9cifique<\/i>, <a target=\"_blank\" href=\"https:\/\/www.peterlang.com\/document\/1215340\">Peter Lang Verlag<\/a>, 2022, 978-2-8076-1784-1. <a target=\"_blank\" href=\"https:\/\/hal.science\/hal-04153377v1\">&#x27E8;hal-04153377&#x27E9;<\/a><\/p><p class='hal7'>Sandrine Courchinoux, Catherine Carras, Jean-Marc Mangiante, Chantal Parpette. Pratiques acad\u00e9miques et professionnalisantes : \u00e9valuer par comp\u00e9tences en contexte de formation. <i>Le FOS aujourd'hui. \u00c9tat de la recherche en Fran\u00e7ais sur Objectif Sp\u00e9cifique.<\/i>, Peter Lang, 2022, 978-2-8076-1784-1. <a target=\"_blank\" href=\"https:\/\/hal.science\/hal-04626430v1\">&#x27E8;hal-04626430&#x27E9;<\/a><\/p><h2 class='hal7'>2019<\/h2><h3 class='hal7'>Articles avec comit\u00e9 de lecture<\/h3><p class='hal7'>Lamia Boukhannouche, Parpette Chantal. La mod\u00e9lisation, une d\u00e9marche pour le d\u00e9veloppement des comp\u00e9tences r\u00e9dactionnelles. <i>Action Didactique<\/i>, 2019, 2, pp.54-68. <a target=\"_blank\" href=\"https:\/\/shs.hal.science\/halshs-02094045v1\">&#x27E8;halshs-02094045&#x27E9;<\/a><\/p><h3 class='hal7'>Autres publications<\/h3><p class='hal7'>James Durnerin, Robert Laurini, Hsin-I Lee, Cl\u00e9ment Lemaignan, Yves Livian, et al.. La francophonie universitaire:onze ans de pratiques en R\u00e9gion Auvergne Rh\u00f4ne Alpes. 2019. <a target=\"_blank\" href=\"https:\/\/shs.hal.science\/halshs-02161922v1\">&#x27E8;halshs-02161922&#x27E9;<\/a><\/p><h2 class='hal7'>2018<\/h2><h3 class='hal7'>Articles avec comit\u00e9 de lecture<\/h3><p class='hal7'>Chantal Parpette. Quelle relation entre discours oral naturel et document oral authentique en FLE ?. <i>Action Didactique<\/i>, 2018, 1. <a target=\"_blank\" href=\"https:\/\/shs.hal.science\/halshs-01990877v1\">&#x27E8;halshs-01990877&#x27E9;<\/a><\/p><p class='hal7'>Sophie Dufour, Chantal Parpette. Le fran\u00e7ais sur objectif sp\u00e9cifique : la notion d\u2019authentique revisit\u00e9e. <i>ILCEA: Revue de l\u2019Institut des langues et cultures d'Europe, Am\u00e9rique, Afrique, Asie et Australie <\/i>, 2018, 32, <a target=\"_blank\" href=\"https:\/\/dx.doi.org\/10.4000\/ilcea.4814\">&#x27E8;10.4000\/ilcea.4814&#x27E9;<\/a>. <a target=\"_blank\" href=\"https:\/\/hal.science\/hal-02098826v1\">&#x27E8;hal-02098826&#x27E9;<\/a><\/p><h3 class='hal7'>Chapitres d'ouvrage<\/h3><p class='hal7'>Parpette Chantal. Le fran\u00e7ais sur objectif universitaire : entre contexte, savoir-faire didactique et strat\u00e9gie institutionnelle. <i>Langues sur objectifs sp\u00e9cifiques et identit\u00e9 professionnelle<\/i>, Universit\u00e9 de Belgrade, pp.55-67, 2018, 978-86-81018-01-9. <a target=\"_blank\" href=\"https:\/\/shs.hal.science\/halshs-01998343v1\">&#x27E8;halshs-01998343&#x27E9;<\/a><\/p><h2 class='hal7'>2017<\/h2><h3 class='hal7'>Articles avec comit\u00e9 de lecture<\/h3><p class='hal7'>Parpette Chantal, Karine Bouchet. Dialogisme et r\u00e9ception des cours magistraux en Fran\u00e7ais langue \u00e9trang\u00e8re. <i>Recherches en Didactique des Langues et Cultures - Les Cahiers de l'Acedle<\/i>, 2017, 2, <a target=\"_blank\" href=\"https:\/\/dx.doi.org\/10.4000\/rdlc.1852\">&#x27E8;10.4000\/rdlc.1852&#x27E9;<\/a>. <a target=\"_blank\" href=\"https:\/\/shs.hal.science\/halshs-01995810v1\">&#x27E8;halshs-01995810&#x27E9;<\/a><\/p><p class='hal7'>Sophie Dufour, Chantal Parpette. Le cours magistral : interrogations didactiques et analyse de discours. <i>Les carnets du cediscor<\/i>, 2017, Analyse de discours et didactique des\/en langues, 13, <a target=\"_blank\" href=\"https:\/\/dx.doi.org\/10.4000\/cediscor.1023\">&#x27E8;10.4000\/cediscor.1023&#x27E9;<\/a>. <a target=\"_blank\" href=\"https:\/\/shs.hal.science\/halshs-01354736v1\">&#x27E8;halshs-01354736&#x27E9;<\/a><\/p><h3 class='hal7'>Ouvrages<\/h3><p class='hal7'>H. Albuquerque-Costa, Parpette Chantal (Dir.). Fran\u00e7ais sur objectif universitaire : m\u00e9thodologie, formation des enseignants, conception de programmes. Paulistana editora, 4, 2017, collection Enjeu. <a target=\"_blank\" href=\"https:\/\/shs.hal.science\/halshs-01998357v1\">&#x27E8;halshs-01998357&#x27E9;<\/a><\/p><h3 class='hal7'>Chapitres d'ouvrage<\/h3><p class='hal7'>Parpette Chantal. Le Fran\u00e7ais sur Objectif Sp\u00e9cifique: entre utilit\u00e9 et faisabilit\u00e9. Sowa, M. et Krajka, J. <i>Innovations en langues sur objectifs sp\u00e9cifiques<\/i>, Peter Lang, pp.53-64, 2017. <a target=\"_blank\" href=\"https:\/\/shs.hal.science\/halshs-01995813v1\">&#x27E8;halshs-01995813&#x27E9;<\/a><\/p><h3 class='hal7'>Autres publications<\/h3><p class='hal7'>Nathalie Auger, Sophie Dufour, Parpette Chantal. Dialogisme et discours en situations didactique. <i>Recherches en Didactique des Langues et Cultures - Les Cahiers de l'Acedle<\/i>, https:\/\/rdlc.revues.org\/1916, 2017, Dialogisme et discours en situations didactiques. <a target=\"_blank\" href=\"https:\/\/hal.science\/hal-02062858v1\">&#x27E8;hal-02062858&#x27E9;<\/a><\/p><h2 class='hal7'>2016<\/h2><h3 class='hal7'>Articles avec comit\u00e9 de lecture<\/h3><p class='hal7'>Chantal Parpette, Karine Bouchet, Nian Liu. Pr\u00e9paration \u00e0 la mobilit\u00e9 vers la France : les motivations et besoins en fran\u00e7ais sur objectif universitaire. <i>Le Langage et l'Homme<\/i>, 2016, Repr\u00e9sentations du fran\u00e7ais et motivations des allophones \u00e0 l'apprendre et \u00e0 l'enseigner, 51 (1). <a target=\"_blank\" href=\"https:\/\/hal.science\/hal-02098833v1\">&#x27E8;hal-02098833&#x27E9;<\/a><\/p><p class='hal7'>Karine Bouchet, Chantal Parpette, Nian Liu. Pr\u00e9paration \u00e0 la mobilit\u00e9 \u00e9tudiante vers la Frane: motivations et besoins en fran\u00e7ais sur objectif universitaires. <i>Le Langage et l'Homme<\/i>, 2016, REPR\u00c9SENTATIONS DU FRAN\u00c7AIS ET MOTIVATIONS DES ALLOPHONES \u00c0 L'APPRENDRE ET \u00c0 L'ENSEIGNER, 511, pp.228. <a target=\"_blank\" href=\"https:\/\/shs.hal.science\/halshs-01467561v1\">&#x27E8;halshs-01467561&#x27E9;<\/a><\/p><h3 class='hal7'>Communications sans actes<\/h3><p class='hal7'>Parpette Chantal, Sophie Dufour. Discours authentiques et classe de FLE : des questions pour l'enseignement de la compr\u00e9hension orale. <i>ADCUEFE Enseignement-apprentissage de l'oral<\/i>, Jun 2016, Rennes, France. <a target=\"_blank\" href=\"https:\/\/shs.hal.science\/halshs-01354774v1\">&#x27E8;halshs-01354774&#x27E9;<\/a><\/p><h3 class='hal7'>Chapitres d'ouvrage<\/h3><p class='hal7'>Parpette Chantal. Quelques r\u00e9flexions sur l\u2019oral dans un programme de FOU. Albuquerque-Costa, H. et Parpette, C. <i>Fran\u00e7ais sur objectif universitaire : m\u00e9thodologie, formation des enseignants, conception de programmes<\/i>, 4, Paulistana editora, pp.221-244, 2016, collection Enjeu. <a target=\"_blank\" href=\"https:\/\/shs.hal.science\/halshs-01995815v1\">&#x27E8;halshs-01995815&#x27E9;<\/a><\/p><h2 class='hal7'>2015<\/h2><h3 class='hal7'>Articles avec comit\u00e9 de lecture<\/h3><p class='hal7'>Chantal Parpette, C\u00e9cile Medina. Les combinaisons entre discours et action : impacts sur la collecte des donn\u00e9es et les dispositifs de formation linguistique.. <i>Points Communs - Recherche en didactique des langues sur objectif(s) sp\u00e9cifique(s)<\/i>, 2015, M\u00e9thodologie de collecte des donn\u00e9es en Fran\u00e7ais sur Objectif Sp\u00e9cifique, 44, pp.5-19. <a target=\"_blank\" href=\"https:\/\/shs.hal.science\/halshs-04164107v1\">&#x27E8;halshs-04164107&#x27E9;<\/a><\/p><h3 class='hal7'>Communications sans actes<\/h3><p class='hal7'>Parpette Chantal, Karine Bouchet, N. Liu. La notion de besoin en fran\u00e7ais sur objectif universitaire : confrontation des repr\u00e9sentations. <i>Colloque ACEDLE<\/i>, Jan 2015, Lyon, France. <a target=\"_blank\" href=\"https:\/\/shs.hal.science\/halshs-01377282v1\">&#x27E8;halshs-01377282&#x27E9;<\/a><\/p><h3 class='hal7'>Autres publications<\/h3><p class='hal7'>S. Aoudry, Parpette Chantal. Dialogue d\u2019expertise \u00e0 l\u2019EEST de Hammam Sousse et \u00e0 l\u2019ISET de Charguia-Tunis. [0] l\u2019EEST de Hammam Sousse et l\u2019ISET de Charguia-Tunis. 2015. <a target=\"_blank\" href=\"https:\/\/shs.hal.science\/halshs-01354641v1\">&#x27E8;halshs-01354641&#x27E9;<\/a><\/p><h2 class='hal7'>2014<\/h2><h3 class='hal7'>Communications sans actes<\/h3><p class='hal7'>Parpette Chantal. Fran\u00e7ais sur objectif universitaire : constitution des donn\u00e9es et didactisation. <i>Assises Universitaires du Fran\u00e7ais<\/i>, Sep 2014, Moscou, Russie. <a target=\"_blank\" href=\"https:\/\/shs.hal.science\/halshs-01354645v1\">&#x27E8;halshs-01354645&#x27E9;<\/a><\/p><h3 class='hal7'>Ouvrages<\/h3><p class='hal7'>Chantal Parpette, Julie Stauber (Dir.). R\u00e9ussir ses \u00e9tudes d'\u00e9conomie-gestion en fran\u00e7ais. <a target=\"_blank\" href=\"https:\/\/www.pug.fr\/produit\/1149\/9782706118487\/Reussir%20ses%20etudes%20deconomie-gestion%20en%20francais%20-%20B1-C2\">Presses Universitaires de Grenoble<\/a>, pp.160, 2014, 9782706118487. <a target=\"_blank\" href=\"https:\/\/shs.hal.science\/halshs-00993399v1\">&#x27E8;halshs-00993399&#x27E9;<\/a><\/p><p class='hal7'>Chantal Parpette, Julie Stauber. R\u00e9ussir ses \u00e9tudes d'\u00e9conomie-gestion en fran\u00e7ais. <a target=\"_blank\" href=\"http:\/\/www.pug.fr\">Presses universitaires de Grenoble<\/a>, 2014, Isabelle Gruca, 978-2-7061-1848-7. <a target=\"_blank\" href=\"https:\/\/hal.science\/hal-04164094v1\">&#x27E8;hal-04164094&#x27E9;<\/a><\/p><h3 class='hal7'>Chapitres d'ouvrage<\/h3><p class='hal7'>Parpette Chantal. Contexte local et strat\u00e9gie de programmation en fran\u00e7ais sur objectif universitaire. I. Franic & M. Ruet. <i>Le fran\u00e7ais sur objectif universitaire : du concept \u00e0 la pratique<\/i>, pp.11-23, 2014. <a target=\"_blank\" href=\"https:\/\/shs.hal.science\/halshs-01354630v1\">&#x27E8;halshs-01354630&#x27E9;<\/a><\/p><p class='hal7'>Sophie Dufour, Parpette Chantal. Les powerpoints dans les cours universitaires : une m\u00e9thodologie \u00e0 stabiliser. <i>Langues, cultures et pratiques en contexte : interrogations didactiques<\/i>, Riveneuve \u00e9ditions, pp.23-45, 2014. <a target=\"_blank\" href=\"https:\/\/shs.hal.science\/halshs-01354622v1\">&#x27E8;halshs-01354622&#x27E9;<\/a><\/p><h3 class='hal7'>Autres publications<\/h3><p class='hal7'>Parpette Chantal, Catherine Carras, Laura Abou Haidar. M\u00e9thodologie de collecte des donn\u00e9es en Fran\u00e7ais sur Objectif Sp\u00e9cifique.. 2, 2014, Points Communs - Recherches en didactique des langues sur objectif(s) sp\u00e9cifique(s). <a target=\"_blank\" href=\"https:\/\/hal.science\/hal-01435540v1\">&#x27E8;hal-01435540&#x27E9;<\/a><\/p><p class='hal7'>Parpette Chantal. Etudier en francophonie. 2014. <a target=\"_blank\" href=\"https:\/\/shs.hal.science\/halshs-01354705v1\">&#x27E8;halshs-01354705&#x27E9;<\/a><\/p><h2 class='hal7'>2013<\/h2><h3 class='hal7'>Autres publications<\/h3><p class='hal7'>Nicolas Guichon, Elke Nissen, Chantal Parpette, Ciara R. Wigham. Troisi\u00e8mes journ\u00e9es scientifiques JS-PUN 2013, Atelier : Langue, langage et p\u00e9dagogie num\u00e9rique. 2013. <a target=\"_blank\" href=\"https:\/\/edutice.hal.science\/edutice-00779386v1\">&#x27E8;edutice-00779386&#x27E9;<\/a><\/p><h2 class='hal7'>2012<\/h2><h3 class='hal7'>Articles avec comit\u00e9 de lecture<\/h3><p class='hal7'>Chantal Parpette, C. Medina. Les discours dans l'action. R\u00e9flexions autour des strat\u00e9gies de formation linguistique pour des personnels de chantiers de construction. <i>Le Fran\u00e7ais dans le monde. Recherches et applications<\/i>, 2012, 51, pp.156-166. <a target=\"_blank\" href=\"https:\/\/shs.hal.science\/halshs-00854248v1\">&#x27E8;halshs-00854248&#x27E9;<\/a><\/p><p class='hal7'>Chantal Parpette, Jean-Marc Mangiante. Le Fran\u00e7ais sur Objectif Universitaire : de la maitrise linguistique aux comp\u00e9tences universitaires. <i>Synergies Alg\u00e9rie<\/i>, 2012, 15, pp.147-166. <a target=\"_blank\" href=\"https:\/\/shs.hal.science\/halshs-00854225v1\">&#x27E8;halshs-00854225&#x27E9;<\/a><\/p><p class='hal7'>Chantal Parpette, Robert Bouchard. Litt\u00e9racie universitaire et oralographisme : le cours magistral entre \u00e9crit et oral. <i>Pratiques : linguistique, litt\u00e9rature, didactique<\/i>, 2012, 53-54 (153-154), pp.195-210. <a target=\"_blank\" href=\"https:\/\/shs.hal.science\/halshs-00854265v1\">&#x27E8;halshs-00854265&#x27E9;<\/a><\/p><h2 class='hal7'>2011<\/h2><h3 class='hal7'>Ouvrages<\/h3><p class='hal7'>Jean-Marc Mangiante, Chantal Parpette (Dir.). Le Fran\u00e7ais sur Objectif Universitaire. PUG, pp.252, 2011, 978-2706116339. <a target=\"_blank\" href=\"https:\/\/shs.hal.science\/halshs-00856985v1\">&#x27E8;halshs-00856985&#x27E9;<\/a><\/p><h3 class='hal7'>Chapitres d'ouvrage<\/h3><p class='hal7'>Chantal Parpette, Jean-Marc Mangiante. Un site de pr\u00e9paration aux \u00e9tudes universitaires : entre information, formation, et auto-\u00e9valuation. Lucile Cadet; Jan Goes; Jean-Marc Mangiante. <i>Langue et int\u00e9gration. Dimensions institutionnelle, socio-professionnelle et universitaire<\/i>, 6, <a target=\"_blank\" href=\"https:\/\/www.peterlang.com\/document\/1135345\">Peter Lang Publishing Group<\/a>, pp.193-205, 2011, GRAMM-R. Etudes de linguistique fran\u00e7aise \/ GRAMM-R. Studies of French Linguistics, 978-90-5201-654-2. <a target=\"_blank\" href=\"https:\/\/shs.hal.science\/halshs-00855100v1\">&#x27E8;halshs-00855100&#x27E9;<\/a><\/p><h2 class='hal7'>2010<\/h2><h3 class='hal7'>Articles avec comit\u00e9 de lecture<\/h3><p class='hal7'>Chantal Parpette. Quelques r\u00e9flexions sur des pratiques crois\u00e9es entre formation linguistique et enseignement disciplinaire. <i>Le Fran\u00e7ais dans le monde. Recherches et applications<\/i>, 2010, 47, pp.104-113. <a target=\"_blank\" href=\"https:\/\/shs.hal.science\/halshs-00436540v1\">&#x27E8;halshs-00436540&#x27E9;<\/a><\/p><p class='hal7'>Sophie Dufour, Chantal Parpette. Reconnaissance des parcours individuels dans une m\u00e9thodologie de groupe. <i>Recherches en Didactique des Langues et Cultures - Les Cahiers de l'Acedle<\/i>, 2010, Les langues tout au long de la vie : Permanences et \u00e9volutions en didactique des langues, 7 (2), pp.37-55. <a target=\"_blank\" href=\"https:\/\/dx.doi.org\/10.4000\/rdlc.2119\">&#x27E8;10.4000\/rdlc.2119&#x27E9;<\/a>. <a target=\"_blank\" href=\"https:\/\/shs.hal.science\/halshs-00854322v1\">&#x27E8;halshs-00854322&#x27E9;<\/a><\/p><h3 class='hal7'>Ouvrages<\/h3><p class='hal7'>Chantal Parpette (Dir.). Faire des \u00e9tudes sup\u00e9rieures en langue fran\u00e7aise. Cle International, pp.192, 2010. <a target=\"_blank\" href=\"https:\/\/shs.hal.science\/halshs-00436542v1\">&#x27E8;halshs-00436542&#x27E9;<\/a><\/p><h3 class='hal7'>Chapitres d'ouvrage<\/h3><p class='hal7'>Chantal Parpette, Robert Bouchard. Pluris\u00e9mioticit\u00e9 et multimodalit\u00e9 dans un cours magistral scientifique. Rabatel, A. <i>Reformulations pluri-s\u00e9miotiques en situation de formation didactique et professionnelle<\/i>, Presses universitaires de Franche-Comt\u00e9, pp.97-116, 2010. <a target=\"_blank\" href=\"https:\/\/shs.hal.science\/halshs-00855085v1\">&#x27E8;halshs-00855085&#x27E9;<\/a><\/p><p class='hal7'>Chantal Parpette. El\u00e9ments pour l'\u00e9valuation de la compr\u00e9hension orale des cours magistraux \u00e0 l'universit\u00e9. Marc Demeuse; Marie-Christine Fougerouse; Guilh\u00e8ne Maratier-Declety. <i>L'\u00e9valuation des productions complexes en fran\u00e7ais langue \u00e9trang\u00e8re\/seconde dans l'enseignement sup\u00e9rieur<\/i>, L'Harmattan, pp.27-41, 2010, 978-2296126695. <a target=\"_blank\" href=\"https:\/\/shs.hal.science\/halshs-00854710v1\">&#x27E8;halshs-00854710&#x27E9;<\/a><\/p><p class='hal7'>Robert Bouchard, Chantal Parpette. Reformulation et coformulation dans la communication scientifique avec support \u00e9crit. <i>Reformulations pluri-s\u00e9miotiques en situation de formation didactique et professionnelle<\/i>, Presses universitaires de Franche-Comt\u00e9, pp.55-74, 2010. <a target=\"_blank\" href=\"https:\/\/hal.science\/hal-00376551v1\">&#x27E8;hal-00376551&#x27E9;<\/a><\/p><h2 class='hal7'>2009<\/h2><h3 class='hal7'>Articles avec comit\u00e9 de lecture<\/h3><p class='hal7'>Richard Duda, Emmanuelle Carette, Chantal Parpette, Jean-Marc Mangiante, Francis Carton. Table ronde : Faut-il am\u00e9nager les documents authentiques en vue de l'apprentissage ?. <i>M\u00e9langes CRAPEL<\/i>, 2009, 31, pp.273-285. <a target=\"_blank\" href=\"https:\/\/hal.science\/hal-00522450v1\">&#x27E8;hal-00522450&#x27E9;<\/a><\/p><h3 class='hal7'>Communications avec actes<\/h3><p class='hal7'>Chantal Parpette. Les dimensions culturelles de l'int\u00e9gration universitaire. <i>Les langues-cultures \u00e0 l'universit\u00e9<\/i>, Mar 2009, Roumanie. <a target=\"_blank\" href=\"https:\/\/hal.science\/hal-00376570v1\">&#x27E8;hal-00376570&#x27E9;<\/a><\/p><h2 class='hal7'>2008<\/h2><h3 class='hal7'>Articles avec comit\u00e9 de lecture<\/h3><p class='hal7'>Bouchard Robert, Cortier Claude, Chantal Parpette. Quelle compl\u00e9mentarit\u00e9 entre apprentissage guid\u00e9 et acquisition sociale dans le dispositifs d'int\u00e9gation ?. <i>Le Fran\u00e7ais dans le monde. Recherches et applications<\/i>, 2008, 44, pp.29-39. <a target=\"_blank\" href=\"https:\/\/hal.science\/hal-00376544v1\">&#x27E8;hal-00376544&#x27E9;<\/a><\/p><p class='hal7'>Chantal Parpette. De la compr\u00e9hension orale en classe \u00e0 la r\u00e9ception orale en situation naturelle : une relation \u00e0 interroger. <i>Recherches en Didactique des Langues et Cultures - Les Cahiers de l'Acedle<\/i>, 2008, 5 (1), pp.219-232. <a target=\"_blank\" href=\"https:\/\/hal.science\/hal-00376542v1\">&#x27E8;hal-00376542&#x27E9;<\/a><\/p><p class='hal7'>Chantal Parpette. Les discours p\u00e9dagogiques oraux : \u00e9volution des repr\u00e9sentations et des pratiques didactiques. <i>Le Fran\u00e7ais dans le monde. Recherches et applications<\/i>, 2008, 43, pp.114-126. <a target=\"_blank\" href=\"https:\/\/hal.science\/hal-00376347v1\">&#x27E8;hal-00376347&#x27E9;<\/a><\/p><p class='hal7'>Claude Cortier, Robert Bouchard, Chantal Parpette. Quelle compl\u00e9mentarit\u00e9 entre apprentissage guid\u00e9 et acquisition sociale dans les dispositifs d'int\u00e9gration ?. <i>Le Fran\u00e7ais dans le monde. Recherches et applications<\/i>, 2008, 44, pp.29-39. <a target=\"_blank\" href=\"https:\/\/shs.hal.science\/halshs-00959391v1\">&#x27E8;halshs-00959391&#x27E9;<\/a><\/p><h3 class='hal7'>Communications avec actes<\/h3><p class='hal7'>Chantal Parpette, Robert Bouchard. Fran\u00e7ais langue seconde, comp\u00e9tence scolaire et \u00e9laboration de ressources didactiques sp\u00e9cifiques. <i>1\u00b0 colloque de L'Association Mondiale de Linguistique Fran\u00e7aise<\/i>, Jul 2008, Paris, France. pp.120-130. <a target=\"_blank\" href=\"https:\/\/shs.hal.science\/halshs-00436544v1\">&#x27E8;halshs-00436544&#x27E9;<\/a><\/p><p class='hal7'>Chantal Parpette. Les diff\u00e9rents aspects de l'adaptation aux discours universitaires en fran\u00e7ais. <i>L'Enseignement du fran\u00e7ais sur objectifs sp\u00e9cifiques dans l'enseignement sup\u00e9rieur en Syrie<\/i>, Nov 2008, Syrie. <a target=\"_blank\" href=\"https:\/\/hal.science\/hal-00376561v1\">&#x27E8;hal-00376561&#x27E9;<\/a><\/p><p class='hal7'>Robert Bouchard, Chantal Parpette. Fls, comp\u00e9tence scolaire et \u00e9laboration de ressources didactiques sp\u00e9cifiques. <i>1\u00b0 Congr\u00e8s Mondial de Linguistique Fran\u00e7aise (CMLF)<\/i>, Jul 2008, paris, France. pp.sur CD rom. <a target=\"_blank\" href=\"https:\/\/shs.hal.science\/halshs-00390021v1\">&#x27E8;halshs-00390021&#x27E9;<\/a><\/p><h3 class='hal7'>Autres publications<\/h3><p class='hal7'>Chantal Parpette, Mochet Marie-Anne. L'oral en repr\u00e9sentation(s) : d\u00e9crire, enseigner, \u00e9valuer. 2008. <a target=\"_blank\" href=\"https:\/\/hal.science\/hal-00376553v1\">&#x27E8;hal-00376553&#x27E9;<\/a><\/p><p class='hal7'>Chantal Parpette. Un dispositif multim\u00e9dia pour se pr\u00e9parer \u00e0 l'universit\u00e9 fran\u00e7aise. 2008. <a target=\"_blank\" href=\"https:\/\/hal.science\/hal-00376586v1\">&#x27E8;hal-00376586&#x27E9;<\/a><\/p><h2 class='hal7'>2007<\/h2><h3 class='hal7'>Articles avec comit\u00e9 de lecture<\/h3><p class='hal7'>Robert Bouchard, Chantal Parpette. Autoportrait de l'enseignant-chercheur en auteur\/acteur .. <i>LIDIL - Revue de linguistique et de didactique des langues<\/i>, 2007, Figures de l'auteur en didactique, 35, pp.119-136. <a target=\"_blank\" href=\"https:\/\/dx.doi.org\/10.4000\/lidil.2253\">&#x27E8;10.4000\/lidil.2253&#x27E9;<\/a>. <a target=\"_blank\" href=\"https:\/\/hal.science\/hal-00376545v1\">&#x27E8;hal-00376545&#x27E9;<\/a><\/p><h3 class='hal7'>Autres publications<\/h3><p class='hal7'>Cortier Claude, Parpette Chantal. Les cahiers de l'ASDIFLE \u00ab Int\u00e9gration scolaire et universitaire des \u00e9l\u00e8ves et \u00e9tudiants allophones : aspects interculturels\". 2007. <a target=\"_blank\" href=\"https:\/\/hal.science\/hal-00376557v1\">&#x27E8;hal-00376557&#x27E9;<\/a><\/p><h2 class='hal7'>2006<\/h2><h3 class='hal7'>Articles avec comit\u00e9 de lecture<\/h3><p class='hal7'>Chantal Parpette, Fabrice Peutot. Les enregistrements de classe ordinaires comme support d'enseignement du fran\u00e7ais langue de scolarisation. <i>Recherches en Didactique des Langues et Cultures - Les Cahiers de l'Acedle<\/i>, 2006, 2, pp.165-177. <a target=\"_blank\" href=\"https:\/\/dx.doi.org\/10.4000\/rdlc.5469\">&#x27E8;10.4000\/rdlc.5469&#x27E9;<\/a>. <a target=\"_blank\" href=\"https:\/\/hal.science\/hal-00376355v1\">&#x27E8;hal-00376355&#x27E9;<\/a><\/p><h3 class='hal7'>Communications avec actes<\/h3><p class='hal7'>Chantal Parpette. Les cours magistraux : o\u00f9 situer les difficult\u00e9s de compr\u00e9hension ?. <i>L'accueil des \u00e9tudiants \u00e9trangers dans les universit\u00e9s francophones<\/i>, Jun 2006, Arras, France. pp.49-60. <a target=\"_blank\" href=\"https:\/\/hal.science\/hal-00376548v1\">&#x27E8;hal-00376548&#x27E9;<\/a><\/p><p class='hal7'>Robert Bouchard, Chantal Parpette. \u00ab Reformulation et coformulation dans la communication scientifique avec support \u00e9crit. \u00bb. <i>\u00ab Reformulation et coformulation dans la communication scientifique avec support \u00e9crit. \u00bb<\/i>, 2006, Rennes, France. pp. 55-74. <a target=\"_blank\" href=\"https:\/\/shs.hal.science\/halshs-00435195v1\">&#x27E8;halshs-00435195&#x27E9;<\/a><\/p><h3 class='hal7'>Ouvrages<\/h3><p class='hal7'>Claude Cortier, Chantal Parpette (Dir.). De quelques enjeux et usages historiques du fran\u00e7ais fondamental <br \/>[Documents pour l'histoire du fran\u00e7ais langue \u00e9trang\u00e8re et seconde n\u00b0 36]. SIHFLES, pp.233, 2006. <a target=\"_blank\" href=\"https:\/\/shs.hal.science\/halshs-00394086v1\">&#x27E8;halshs-00394086&#x27E9;<\/a><\/p><p class='hal7'>Cortier Claude, Chantal Parpette (Dir.). De quelques enjeux et usages historiques du Fran\u00e7ais fondamental [Direction du n\u00aa36 de : Documents SIHFLES]. <a target=\"_blank\" href=\"https:\/\/journals.openedition.org\/dhfles\/1178\"><\/a>, 2006. <a target=\"_blank\" href=\"https:\/\/hal.science\/hal-00376556v1\">&#x27E8;hal-00376556&#x27E9;<\/a><\/p><h3 class='hal7'>Chapitres d'ouvrage<\/h3><p class='hal7'>Chantal Parpette, Jean-Marc Mangiante. Le Fran\u00e7ais sur Objectif Sp\u00e9cifique ou l'art de s'adapter. Catellotti, V., Chalabi, H. <i>Le fran\u00e7ais langue \u00e9trang\u00e8re et seconde : des paysages didactiques en contexte,<\/i>, L'Harmattan, (Coll. Espaces discursifs), pp.275-282, 2006. <a target=\"_blank\" href=\"https:\/\/hal.science\/hal-00376552v1\">&#x27E8;hal-00376552&#x27E9;<\/a><\/p><h3 class='hal7'>Autres publications<\/h3><p class='hal7'>Chantal Parpette. Parcours professionnalisants \u00e0 l'universit\u00e9. 2006. <a target=\"_blank\" href=\"https:\/\/hal.science\/hal-00376587v1\">&#x27E8;hal-00376587&#x27E9;<\/a><\/p><p class='hal7'>Dominique Abry, Catherine Fert, Chantal Parpette, Julie Stauber. ICI 1. 2006. <a target=\"_blank\" href=\"https:\/\/hal.science\/hal-00376585v1\">&#x27E8;hal-00376585&#x27E9;<\/a><\/p><h2 class='hal7'>2005<\/h2><h3 class='hal7'>Articles avec comit\u00e9 de lecture<\/h3><p class='hal7'>Chantal Parpette. Le Fran\u00e7ais sur Objectif Sp\u00e9cifique : de l'enseignement \u00e0 la conception de programmes. <i>Cahiers de l'ASDIFLE<\/i>, 2005, pp.130-141. <a target=\"_blank\" href=\"https:\/\/hal.science\/hal-00376573v1\">&#x27E8;hal-00376573&#x27E9;<\/a><\/p><p class='hal7'>Jean-Charles Pochard, Robert Bouchard, Chantal Parpette. Le cours magistral et son double, le polycopi\u00e9 : relations et probl\u00e9matique de r\u00e9ception en L2.. <i>Cahiers du Fran\u00e7ais Contemporain<\/i>, 2005, 10, pp.191-208. <a target=\"_blank\" href=\"https:\/\/shs.hal.science\/halshs-00384869v1\">&#x27E8;halshs-00384869&#x27E9;<\/a><\/p><p class='hal7'>Robert Bouchard, Chantal Parpette, Jean-Charles Pochard. Le cours magistral et son double, le polycopi\u00e9 : relations et probl\u00e9matique de r\u00e9ception en L2. <i>Cahiers du Fran\u00e7ais Contemporain<\/i>, 2005, 10, pp.191-208. <a target=\"_blank\" href=\"https:\/\/hal.science\/hal-00376571v1\">&#x27E8;hal-00376571&#x27E9;<\/a><\/p><h3 class='hal7'>Communications avec actes<\/h3><p class='hal7'>Chantal Parpette, Catherine Carras. Les formations linguistiques sp\u00e9cialis\u00e9es : vers une red\u00e9finition des cat\u00e9gories. <i>Th\u00e9orie et pratique de la formation en langues \u00e9trang\u00e8res appliqu\u00e9es<\/i>, May 2005, Ankara, Turquie. pp.61-70. <a target=\"_blank\" href=\"https:\/\/hal.science\/hal-00376549v1\">&#x27E8;hal-00376549&#x27E9;<\/a><\/p><p class='hal7'>Chantal Parpette. L'influence d'un environnement homoglotte sur l'enseignement du FLE : d'une r\u00e9alit\u00e9 diffuse \u00e0 une m\u00e9thodologie constitu\u00e9e. <i>2\u00e8me Colloque international de l\u2019Association Des Centres Universitaires d\u2019\u00c9tudes Fran\u00e7aises pour \u00c9tudiants \u00c9trangers (ADCUEFE) :L'enseignement\/ apprentissage du Fran\u00e7ais Langue \u00c9trang\u00e8re en milieu homoglotte : sp\u00e9cificit\u00e9s et exigences<\/i>, ADCUEFE, Jun 2005, Lille, France. pp.7-16. <a target=\"_blank\" href=\"https:\/\/hal.science\/hal-00376550v1\">&#x27E8;hal-00376550&#x27E9;<\/a><\/p><h2 class='hal7'>2004<\/h2><h3 class='hal7'>Communications avec actes<\/h3><p class='hal7'>Chantal Parpette. R\u00e9flexions sur la parole enseignante en fran\u00e7ais langue seconde. <i>Recherche-action pour l'enseignement du fran\u00e7ais langue \u00e9trang\u00e8re<\/i>, Nov 2004, Vietnam. pp.124-132. <a target=\"_blank\" href=\"https:\/\/hal.science\/hal-00376578v1\">&#x27E8;hal-00376578&#x27E9;<\/a><\/p><h3 class='hal7'>Ouvrages<\/h3><p class='hal7'>Jean-Marc Mangiante, Chantal Parpette. Le Fran\u00e7ais sur Objectif Sp\u00e9cifique : de l'analyse des besoins \u00e0 l'\u00e9laboration d'un cours. Hachette, pp.160, 2004, collection F, G\u00e9rard Vigner. <a target=\"_blank\" href=\"https:\/\/hal.science\/hal-00376582v1\">&#x27E8;hal-00376582&#x27E9;<\/a><\/p><h3 class='hal7'>Chapitres d'ouvrage<\/h3><p class='hal7'>Robert Bouchard, Chantal Parpette. Cours magistral et explicitation terminologique : le cas des cours de droit. <i>Didactique du lexique<\/i>, de Boeck, pp.199-213, 2004. <a target=\"_blank\" href=\"https:\/\/hal.science\/hal-00376583v1\">&#x27E8;hal-00376583&#x27E9;<\/a><\/p><h2 class='hal7'>2003<\/h2><h3 class='hal7'>Articles avec comit\u00e9 de lecture<\/h3><p class='hal7'>Chantal Parpette, Robert Bouchard. Gestion lexicale et prise de notes dans les cours magistraux. <i>Arobase : journal des lettres & sciences humaines<\/i>, 2003, pp.69-78. <a target=\"_blank\" href=\"https:\/\/hal.science\/hal-00376574v1\">&#x27E8;hal-00376574&#x27E9;<\/a><\/p><h3 class='hal7'>Communications avec actes<\/h3><p class='hal7'>Chantal Parpette. Elaboration de programmes de fran\u00e7ais sur objectif sp\u00e9cifique et coop\u00e9ration internationale. <i>Conf\u00e9rence Profilingua<\/i>, Jun 2003, R\u00e9publique tch\u00e8que. pp.367-376. <a target=\"_blank\" href=\"https:\/\/hal.science\/hal-00376579v1\">&#x27E8;hal-00376579&#x27E9;<\/a><\/p><h2 class='hal7'>2002<\/h2><h3 class='hal7'>Communications avec actes<\/h3><p class='hal7'>Chantal Parpette. Int\u00e9gration de la formation linguistique professionnelle dans les cursus universitaires : l\u00e9gitimit\u00e9 et limites de la d\u00e9marche. <i>Profilingua - Langues de sp\u00e9cialit\u00e9<\/i>, Jun 2002, R\u00e9publique tch\u00e8que. pp.261-266. <a target=\"_blank\" href=\"https:\/\/hal.science\/hal-00376580v1\">&#x27E8;hal-00376580&#x27E9;<\/a><\/p><h2 class='hal7'>2001<\/h2><h3 class='hal7'>Articles avec comit\u00e9 de lecture<\/h3><p class='hal7'>Chantal Parpette, Mich\u00e8le Boibourdin, Sourdy Isabelle. La compr\u00e9hension orale de cours en langue \u00e9trang\u00e8re : des mots aux discours. <i>Recherche et Pratiques P\u00e9dagogiques en Langues de Sp\u00e9cialit\u00e9. Cahiers de l'APLIUT<\/i>, 2001, XX (3), pp.53-67. <a target=\"_blank\" href=\"https:\/\/hal.science\/hal-00376575v1\">&#x27E8;hal-00376575&#x27E9;<\/a><\/p><h2 class='hal7'>2000<\/h2><h3 class='hal7'>Articles avec comit\u00e9 de lecture<\/h3><p class='hal7'>Chantal Parpette, Patrick Royis. Le discours p\u00e9dagogique : caract\u00e9ristiques discursives et strat\u00e9gies d'enseignement. <i>M\u00e9langes CRAPEL<\/i>, 2000, 25, pp.169-183. <a target=\"_blank\" href=\"https:\/\/hal.science\/hal-00376577v1\">&#x27E8;hal-00376577&#x27E9;<\/a><\/p><h3 class='hal7'>Chapitres d'ouvrage<\/h3><p class='hal7'>Patrick Royis, Chantal Parpette. Le d\u00e9doublement discursif dans le discours p\u00e9dagogique. <i>Changing landscapes in language and language pedagogy: text, orality and voice<\/i>, AFLS\/CILT, pp.209-226, 2000. <a target=\"_blank\" href=\"https:\/\/hal.science\/hal-00376584v1\">&#x27E8;hal-00376584&#x27E9;<\/a><\/p><h2 class='hal7'>1997<\/h2><h3 class='hal7'>Communications avec actes<\/h3><p class='hal7'>Chantal Parpette. Le discours oral : des repr\u00e9sentations \u00e0 la r\u00e9alit\u00e9. <i>Les linguistiques appliqu\u00e9es et les sciences du langage<\/i>, Nov 1997, Strasbourg, France. pp.126-134. <a target=\"_blank\" href=\"https:\/\/hal.science\/hal-00376581v1\">&#x27E8;hal-00376581&#x27E9;<\/a><\/p>\r\n<br \/>\n<!--\n<iframe class=\"HAL\" src=\"http:\/\/halshs.archives-ouvertes.fr\/Public\/afficheRequetePubli.php?annee_publideb=1900&amp;annee_publifin=2100&amp;auteur_exp=nathalie,blanc&labos_exp=icar&amp;CB_ref_biblio=oui&amp;langue=Francais&amp;tri_exp=annee_publi&amp;tri_exp2=typdoc&amp;tri_exp3=date_publi&amp;ordre_aff=AT&amp;Fen=Aff&amp;css=http:\/\/icar.univ-lyon2.fr\/css\/icar-publis.css\" frameborder=\"0\" scrolling=\"auto\" style=\"height: 100%; width: 100%\"><\/iframe>\n--><\/p>\n","protected":false},"excerpt":{"rendered":"<p>Liste des publications sur HAL<\/p>\n","protected":false},"author":1,"featured_media":0,"parent":0,"menu_order":2,"comment_status":"closed","ping_status":"closed","template":"","meta":{"footnotes":""},"class_list":["post-8","page","type-page","status-publish","hentry"],"_links":{"self":[{"href":"https:\/\/icar.cnrs.fr\/membre\/cparpette\/wp-json\/wp\/v2\/pages\/8","targetHints":{"allow":["GET"]}}],"collection":[{"href":"https:\/\/icar.cnrs.fr\/membre\/cparpette\/wp-json\/wp\/v2\/pages"}],"about":[{"href":"https:\/\/icar.cnrs.fr\/membre\/cparpette\/wp-json\/wp\/v2\/types\/page"}],"author":[{"embeddable":true,"href":"https:\/\/icar.cnrs.fr\/membre\/cparpette\/wp-json\/wp\/v2\/users\/1"}],"replies":[{"embeddable":true,"href":"https:\/\/icar.cnrs.fr\/membre\/cparpette\/wp-json\/wp\/v2\/comments?post=8"}],"version-history":[{"count":30,"href":"https:\/\/icar.cnrs.fr\/membre\/cparpette\/wp-json\/wp\/v2\/pages\/8\/revisions"}],"predecessor-version":[{"id":171,"href":"https:\/\/icar.cnrs.fr\/membre\/cparpette\/wp-json\/wp\/v2\/pages\/8\/revisions\/171"}],"wp:attachment":[{"href":"https:\/\/icar.cnrs.fr\/membre\/cparpette\/wp-json\/wp\/v2\/media?parent=8"}],"curies":[{"name":"wp","href":"https:\/\/api.w.org\/{rel}","templated":true}]}}