{"id":161,"date":"2019-02-15T13:48:35","date_gmt":"2019-02-15T12:48:35","guid":{"rendered":"https:\/\/icar.cnrs.fr\/membre\/dbottineau\/?page_id=161"},"modified":"2019-02-21T13:35:25","modified_gmt":"2019-02-21T12:35:25","slug":"responsabilites","status":"publish","type":"page","link":"https:\/\/icar.cnrs.fr\/membre\/dbottineau\/responsabilites\/","title":{"rendered":"Responsabilit\u00e9s"},"content":{"rendered":"<p><strong>Mem<\/strong><strong>bre de comit\u00e9s de r\u00e9daction<img loading=\"lazy\" decoding=\"async\" class=\"alignnone wp-image-355 alignright\" src=\"https:\/\/icar.cnrs.fr\/membre\/dbottineau\/wp-content\/uploads\/sites\/133\/2019\/02\/logo-INT-68.png\" alt=\"\" width=\"128\" height=\"166\" \/><\/strong><br \/>\n<a href=\"http:\/\/intellectica.org\/fr\"><em>Intellectica<\/em><\/a><br \/>\n<a href=\"http:\/\/fdl.univ-lemans.fr\/fr\/faits-de-langues-chez-peter-lang.html\"><em>Faits de Langues<\/em><\/a><\/p>\n<p>&nbsp;<\/p>\n<p>&nbsp;<\/p>\n<p><strong>Membre de comit\u00e9s de lecture<\/strong><br \/>\n<a href=\"https:\/\/www.journals.elsevier.com\/language-sciences\"><em>Language Sciences<\/em><\/a><br \/>\n<a href=\"https:\/\/www.frontiersin.org\/journals\/psychology#\"><em>Frontiers in psychology<\/em><\/a><br \/>\n<a href=\"https:\/\/journals.openedition.org\/corela\/\"><em>CORELA<\/em><\/a><br \/>\n<a href=\"https:\/\/dialnet.unirioja.es\/servlet\/revista?codigo=361\"><em>Cuadernos de filolog\u00eda francesa<\/em><\/a><br \/>\n<em><a href=\"https:\/\/revues.bu.uca.fr\/index.php\/Signifiances\/index\">Signifiances \/ Signifying<\/a><\/em><a href=\"https:\/\/journals.openedition.org\/corela\/\"><strong><img loading=\"lazy\" decoding=\"async\" class=\"alignnone wp-image-352 alignright\" src=\"https:\/\/icar.cnrs.fr\/membre\/dbottineau\/wp-content\/uploads\/sites\/133\/2019\/02\/logo-signifiances.jpg\" alt=\"\" width=\"134\" height=\"184\" \/><\/strong><\/a><\/p>\n<p>&nbsp;<\/p>\n<p><strong>ARCo<\/strong><br \/>\nMembre de l&rsquo;<em>Association pour la Recherche Cognitive<\/em><br \/>\n&#8211;&gt; CA, Tr\u00e9sorier de 2000 \u00e0 2006<\/p>\n<p>&nbsp;<\/p>\n<p><strong>SAISIE<\/strong><br \/>\nCo-fondateur du groupe de recherches <em>Signifiant, analogie, interlocution, s\u00e9miogen\u00e8se, incarnation, enaction<\/em> avec Philippe Monneret (Paris-Sorbonne, linguistique g\u00e9n\u00e9rale)<\/p>\n<p>&#8211;&gt; Table ronde <strong><a href=\"http:\/\/cptc.u-bourgogne.fr\/images\/stories\/en_images\/programmes\/programme%20table%20ronde.pdf\">SAISIE-1<\/a><br \/>\n<\/strong>(Universit\u00e9 de Bourgogne, Dijon, 27 mai 2014)<img loading=\"lazy\" decoding=\"async\" class=\"wp-image-260 alignright\" src=\"https:\/\/icar.cnrs.fr\/membre\/dbottineau\/wp-content\/uploads\/sites\/133\/2019\/02\/logo-saisie.jpg\" alt=\"\" width=\"179\" height=\"247\" \/><\/p>\n<p>&#8211;&gt; Colloque <strong><a href=\"http:\/\/www.univ-paris3.fr\/saisie-2-submorphemie-lexicale-et-grammaticale-313985.kjsp\">SAISIE-2<\/a><\/strong><br \/>\n(Universit\u00e9 Sorbonne Nouvelle &amp; CLESTHIA,<br \/>\nParis, 26-27 mars 2015)<\/p>\n<p>&#8211;&gt; JE <a href=\"https:\/\/intranet.univ-rennes2.fr\/erimit\/actualites\/journee-etude-mots-enaction\"><strong>ERIMIT \/ Les mots de l&rsquo;\u00e9naction<\/strong><\/a><br \/>\n(Universit\u00e9 Rennes 2, 6 avril 2016)<\/p>\n<p>&#8211;&gt; Congr\u00e8s <a href=\"http:\/\/langenact.univ-bpclermont.fr\/\"><strong>LangEnact-1 \/ SAISIE-3<\/strong>\u00a0<\/a><br \/>\n(Universit\u00e9 Blaise-Pascal Clermont-Ferrand, 1-3 juin 2016)<\/p>\n<p>&gt;&gt;&gt; <a href=\"https:\/\/revues.bu.uca.fr\/index.php\/Signifiances\/issue\/archive\"><em><strong>Signifiances<\/strong><\/em><strong> 1, 1\/2\/3<\/strong><\/a> (2017)<br \/>\n&gt;&gt;&gt; <strong><a href=\"http:\/\/intellectica.org\/fr\/numeros\/langage-et-enaction-corporeite-environnements-experiences-apprentissages\"><em>Intellectica<\/em> 68<\/a><\/strong> (2017\/2)<\/p>\n<p>&nbsp;<\/p>\n<p>&nbsp;<\/p>\n<p><strong>LangEnact<img loading=\"lazy\" decoding=\"async\" class=\"alignnone wp-image-348 alignright\" src=\"https:\/\/icar.cnrs.fr\/membre\/dbottineau\/wp-content\/uploads\/sites\/133\/2019\/02\/logo-langenact-1.jpg\" alt=\"\" width=\"266\" height=\"371\" \/><br \/>\n<\/strong>(Groupe de recherche<br \/>\n<em>Langage et \u00e9naction<\/em>)<\/p>\n<p>&#8211;&gt; Congr\u00e8s <strong><a href=\"http:\/\/langenact.univ-bpclermont.fr\/\">LangEnact-1 \/ SAISIE-3<\/a><\/strong><br \/>\n(Universit\u00e9 Blaise-Pascal Clermont-Ferrand, 1-3 juin 2016)<\/p>\n<p>&#8211;&gt; Colloque <strong><a href=\"https:\/\/www.sdu.dk\/en\/om_sdu\/institutter_centre\/c_chi\/activities\/langenact_ii\">LangEnact-2<\/a><\/strong><br \/>\n(University of Southern Denmark SDU &amp; Centre for Human Interactivity CHI, Odense, 25-27 septembre 2017)<\/p>\n<p>&nbsp;<\/p>\n<p><a href=\"https:\/\/distributedlanguage.org\/\"><em><strong>Distributed Language Group<\/strong><\/em><\/a><br \/>\nCr\u00e9ation en cours du<br \/>\n12e <em>Research Cluster<\/em><\/p>\n<p>&nbsp;<\/p>\n<p><a href=\"https:\/\/intranet.univ-rennes2.fr\/erimit\/eriliis\"><strong>ERILIIS<\/strong><\/a><img loading=\"lazy\" decoding=\"async\" class=\"wp-image-249 alignright\" src=\"https:\/\/icar.cnrs.fr\/membre\/dbottineau\/wp-content\/uploads\/sites\/133\/2019\/02\/cogn\u00e9mier-eriliis-300x175.png\" alt=\"\" width=\"279\" height=\"168\" \/><br \/>\nMembre du comit\u00e9 scientifique du Laboratoire junior <em>\u00c9quipe de Recherches Interlangues : Interlocution, Incarnation, Signifiant<\/em> (ERIMIT, \u00c9quipe de recherche interlangues : m\u00e9moire, identit\u00e9s, territoires &#8211; EA 4327, Universit\u00e9 Rennes 2)<\/p>\n<p>&nbsp;<\/p>\n<p><a href=\"http:\/\/www.kananas.com\/uplegess\/\"><strong>UPLEGESS<\/strong><em><img loading=\"lazy\" decoding=\"async\" class=\"wp-image-255 alignright\" src=\"https:\/\/icar.cnrs.fr\/membre\/dbottineau\/wp-content\/uploads\/sites\/133\/2019\/02\/UPL-image-300x66.jpg\" alt=\"\" width=\"305\" height=\"76\" \/><\/em><\/a><br \/>\nMembre du Conseil Scientifique de l\u2019<em>Union des Professeurs de Langues Etrang\u00e8res du Sup\u00e9rieur Scientifique<\/em><\/p>\n<p>&nbsp;<\/p>\n<p><a href=\"https:\/\/laboratoireimtdidalang.wp.imt.fr\/\"><strong>IMT-DidaLang<\/strong><\/a><br \/>\n<img loading=\"lazy\" decoding=\"async\" class=\" wp-image-258 alignright\" src=\"https:\/\/icar.cnrs.fr\/membre\/dbottineau\/wp-content\/uploads\/sites\/133\/2019\/02\/logo-didalang-300x86.jpg\" alt=\"\" width=\"340\" height=\"106\" \/>Membre du Comit\u00e9 de Pilotage du laboratoire (Didactique des langues pour l\u2019\u00e9l\u00e8ve ing\u00e9nieur, Institut Mines-T\u00e9l\u00e9com, Mines d\u2019Albi)<\/p>\n<p>&nbsp;<\/p>\n<p>&nbsp;<\/p>\n<p>&nbsp;<\/p>\n","protected":false},"excerpt":{"rendered":"<p>Membre de comit\u00e9s de r\u00e9daction Intellectica Faits de Langues &nbsp; &nbsp; Membre de comit\u00e9s de lecture Language Sciences Frontiers in psychology CORELA Cuadernos de filolog\u00eda francesa Signifiances \/ Signifying &nbsp; ARCo Membre de l&rsquo;Association pour la Recherche Cognitive &#8211;&gt; CA, &hellip; <a href=\"https:\/\/icar.cnrs.fr\/membre\/dbottineau\/responsabilites\/\">Continuer la lecture <span class=\"meta-nav\">&rarr;<\/span><\/a><\/p>\n","protected":false},"author":1,"featured_media":0,"parent":0,"menu_order":0,"comment_status":"closed","ping_status":"closed","template":"","meta":{"footnotes":""},"class_list":["post-161","page","type-page","status-publish","hentry"],"_links":{"self":[{"href":"https:\/\/icar.cnrs.fr\/membre\/dbottineau\/wp-json\/wp\/v2\/pages\/161","targetHints":{"allow":["GET"]}}],"collection":[{"href":"https:\/\/icar.cnrs.fr\/membre\/dbottineau\/wp-json\/wp\/v2\/pages"}],"about":[{"href":"https:\/\/icar.cnrs.fr\/membre\/dbottineau\/wp-json\/wp\/v2\/types\/page"}],"author":[{"embeddable":true,"href":"https:\/\/icar.cnrs.fr\/membre\/dbottineau\/wp-json\/wp\/v2\/users\/1"}],"replies":[{"embeddable":true,"href":"https:\/\/icar.cnrs.fr\/membre\/dbottineau\/wp-json\/wp\/v2\/comments?post=161"}],"version-history":[{"count":39,"href":"https:\/\/icar.cnrs.fr\/membre\/dbottineau\/wp-json\/wp\/v2\/pages\/161\/revisions"}],"predecessor-version":[{"id":406,"href":"https:\/\/icar.cnrs.fr\/membre\/dbottineau\/wp-json\/wp\/v2\/pages\/161\/revisions\/406"}],"wp:attachment":[{"href":"https:\/\/icar.cnrs.fr\/membre\/dbottineau\/wp-json\/wp\/v2\/media?parent=161"}],"curies":[{"name":"wp","href":"https:\/\/api.w.org\/{rel}","templated":true}]}}