{"id":419,"date":"2019-07-18T13:53:24","date_gmt":"2019-07-18T11:53:24","guid":{"rendered":"https:\/\/icar.cnrs.fr\/membre\/dbottineau\/?page_id=419"},"modified":"2019-07-20T11:37:42","modified_gmt":"2019-07-20T09:37:42","slug":"evenements","status":"publish","type":"page","link":"https:\/\/icar.cnrs.fr\/membre\/dbottineau\/evenements\/","title":{"rendered":"Ev\u00e8nements"},"content":{"rendered":"<p style=\"text-align: center\">Conf-Con\u00e7<\/p>\n<p style=\"text-align: center\"><strong><em>Just in Case,<\/em><\/strong> <strong><em>Roy Eales and Friends<\/em><\/strong><\/p>\n<p style=\"text-align: center\"><strong>Po\u00e9sie &#8211; musique en cinq langues<\/strong><\/p>\n<p style=\"text-align: center\"><span class=\"\" style=\"color: #e63b7a;font-size: large\"><span style=\"color: #000000\">&#8212;&#8211;<\/span><br \/>\n<\/span><\/p>\n<p style=\"text-align: center\"><em><strong>La po<\/strong><strong>\u00e9<\/strong><strong>sie musicale plurilingue<br \/>\n<\/strong><strong>entre les arts de la parole et les sciences du langage<\/strong><\/em><\/p>\n<p style=\"text-align: center\">11 octobre 2019<\/p>\n<p style=\"text-align: center\">ENS de Lyon, site Descartes, th\u00e9\u00e2tre Kantor<\/p>\n<p>&nbsp;<\/p>\n<p><img decoding=\"async\" class=\"details-image\" src=\"https:\/\/icar.cnrs.fr\/membre\/dbottineau\/wp-content\/uploads\/sites\/133\/2019\/07\/Capture-LOGOS.png\" alt=\"\" \/><\/p>\n<p>&nbsp;<\/p>\n<p><img loading=\"lazy\" decoding=\"async\" class=\"size-large wp-image-432 alignnone\" src=\"https:\/\/icar.cnrs.fr\/membre\/dbottineau\/wp-content\/uploads\/sites\/133\/2019\/07\/DSC_1062\u00a9Philippe-Ollivier-1024x684.jpg\" alt=\"\" width=\"584\" height=\"390\" srcset=\"https:\/\/icar.cnrs.fr\/membre\/dbottineau\/wp-content\/uploads\/sites\/133\/2019\/07\/DSC_1062\u00a9Philippe-Ollivier-1024x684.jpg 1024w, https:\/\/icar.cnrs.fr\/membre\/dbottineau\/wp-content\/uploads\/sites\/133\/2019\/07\/DSC_1062\u00a9Philippe-Ollivier-300x200.jpg 300w, https:\/\/icar.cnrs.fr\/membre\/dbottineau\/wp-content\/uploads\/sites\/133\/2019\/07\/DSC_1062\u00a9Philippe-Ollivier-768x513.jpg 768w, https:\/\/icar.cnrs.fr\/membre\/dbottineau\/wp-content\/uploads\/sites\/133\/2019\/07\/DSC_1062\u00a9Philippe-Ollivier-449x300.jpg 449w, https:\/\/icar.cnrs.fr\/membre\/dbottineau\/wp-content\/uploads\/sites\/133\/2019\/07\/DSC_1062\u00a9Philippe-Ollivier.jpg 2048w\" sizes=\"auto, (max-width: 584px) 100vw, 584px\" \/><\/p>\n<p><strong>\u00a0<\/strong><\/p>\n<p>Le journaliste et po\u00e8te Britannique Roy Eales a r\u00e9dig\u00e9 5 recueils de po\u00e9sie plurilingue (anglais, fran\u00e7ais, allemand, breton), traduits de son anglais par d\u2019autres po\u00e8tes, \u00e9crivains, et il a form\u00e9 un groupe (Roy Eales and his Friends, alias The Justins) qui produit sur sc\u00e8ne un spectacle de d\u00e9clamation po\u00e9tique plurilingue avec musique originale, le tout compos\u00e9, orchestr\u00e9 et interpr\u00e9t\u00e9 par des artistes de renomm\u00e9e internationale, <span class=\"\"><span class=\"\" style=\"color: #373737;font-family: Helvetica, Arial, sans-serif\">et mis en sc\u00e8ne par le Britannique William Gilbert, p<\/span><\/span><span class=\"\"><span class=\"\" style=\"font-family: Bodoni 72\">rofesseur d\u2019anglais et des arts du spectacle<\/span><\/span> .<\/p>\n<p><img loading=\"lazy\" decoding=\"async\" class=\"details-image aligncenter\" src=\"https:\/\/icar.cnrs.fr\/membre\/dbottineau\/wp-content\/uploads\/sites\/133\/2019\/07\/roy-eales-savoure-sa-liberte-de-poete.jpg\" alt=\"\" width=\"395\" height=\"227\" \/><\/p>\n<p>Dans le cadre de la semaine de la science 2019, on organise la venue d\u2019une partie du groupe (10 personnes, dont artistes, technique, management) pour une s\u00e9rie d\u2019\u00e9v\u00e8nements scientifiques autour d\u2019une performance artistique\u00a0:<\/p>\n<ul>\n<li>11 octobre: le concert des Justins, amphi Kantor (concert introduit par une petite conf\u00e9rence de pr\u00e9sentation et une discussion-d\u00e9bat avec le public<\/li>\n<li>10 ou 11 octobre: une master class ENS avec Eric Dayre (directeur du CERCC)<\/li>\n<li>10 ou 11 octobre: un s\u00e9minaire Eales &amp; Bottineau dans le cadre de l\u2019axe linguistique exp\u00e9rimentale et situ\u00e9e de l\u2019UMR ICAR, sur la po\u00e9sie plurilingue musicale et ses enjeux pour les sciences du langage et la diversit\u00e9 linguistique dans la soci\u00e9t\u00e9<\/li>\n<li>En marge de ce projet (apr\u00e8s le d\u00e9part des <em>Justins<\/em>), 12 octobre: un atelier sur <em>Just in Case<\/em> et la didactique des langues, rencontre associant ICAR, le laboratoire IMT-DidaLang et d\u2019autres partenaires.<\/li>\n<\/ul>\n<p>Le concert de Roy Eales se d\u00e9finit comme une manifestation hybride. Le concert de po\u00e9sie musicale plurilingue est en lui-m\u00eame un acte exp\u00e9rimental qui organise une performance en cinq langues \u00e0 travers lesquelles se manifestent les enjeux de l\u2019activit\u00e9 langagi\u00e8re du point de vue de la cognition des 4 E (<em>embodied, embedded, enactive, extended<\/em>). Le caract\u00e8re public de l\u2019\u00e9v\u00e8nement permet de confronter le public de mani\u00e8re\u00a0 inform\u00e9e (conf\u00e9rence d\u2019introduction) et participative (le d\u00e9bat) \u00e0 l\u2019exp\u00e9rience de la performance plurilingue et \u00e0 la r\u00e9flexion qui peut s\u2019ensuivre, y compris dans sa dimension pratique et soci\u00e9tale (question de l\u2019enseignement des langues). Le concert doit \u00e9galement servir de support \u00e0 des activit\u00e9s de recherche (linguistique exp\u00e9rimentale, didactique des langues), \u00e0 d\u00e9velopper des collaborations int\u00e9rieures et ext\u00e9rieures autour du \u00ab\u00a0languaging\u00a0\u00bb et du <em>4 E learning<\/em>, dans la continuit\u00e9 des travaux initi\u00e9s par le <a href=\"https:\/\/cscl2019.com\/\">CSCL-2019<\/a>.<\/p>\n<p>&nbsp;<\/p>\n<p><img decoding=\"async\" id=\"D0BA2834-7892-40EE-BC1B-A96D012577D7\" class=\"aligncenter wp-image-525\" title=\"R\u00e9p\u00e9titon\" src=\"https:\/\/zimbra.free.fr\/service\/home\/~\/?auth=co&amp;id=268260&amp;part=2.2\" alt=\"R\u00e9p\u00e9titon\" \/><\/p>\n<p>&nbsp;<\/p>\n<p style=\"text-align: center\"><strong><a href=\"https:\/\/www.logellou.com\/roy-eales-and-friends-en-repetition-au-logellou\/\">The Justins<\/a><br \/>\n<\/strong><\/p>\n<p style=\"text-align: center\">Jean-Michel Veillon,<br \/>\n<em>(director artistique &#8211; musique)<br \/>\nfl\u00fbte et d\u00e9clamation (fran\u00e7ais)<\/em><\/p>\n<p style=\"text-align: center\">Emmanuelle Huteau<br \/>\n<em>d\u00e9clamation (fran\u00e7ais), chant classique, musicienne<\/em><\/p>\n<p style=\"text-align: center\">Yannick Jory<br \/>\n<em>(directeur artistique &#8211; musique)<br \/>\nsaxophone<\/em><\/p>\n<p style=\"text-align: center\">Bernez Tangi<br \/>\n<em>d\u00e9clamation (breton); po\u00e8te Breton<\/em><\/p>\n<p style=\"text-align: center\">Bernhard Hench<br \/>\n<em>d\u00e9clamation (allemand); organisateurs d\u2019\u00e9v\u00e8nements artistiques<\/em><\/p>\n<p style=\"text-align: center\">Roy Eales<br \/>\n<em>(directeur artistique \u2013 words)<br \/>\nd\u00e9clamation (anglais, gallois), \u00e9crivain, po\u00e8te, journaliste<\/em><\/p>\n<p style=\"text-align: center\">Marthe Vassallo<br \/>\n<em>d\u00e9clamation (anglais, breton), chant<\/em><\/p>\n<p style=\"text-align: center\">Philippe Ollivier<br \/>\n<em>son, bandon\u00e9on<\/em><\/p>\n<p style=\"text-align: center\">Richard Tolbart<br \/>\n<em>\u00e9clairage<\/em><\/p>\n<p style=\"text-align: center\">Marie-Pierre Le Pennec<br \/>\n<em>manager<\/em><\/p>\n<p>&nbsp;<\/p>\n<p><strong>Recueils de po\u00e9sie plurilingue publi\u00e9s par Roy Eales<\/strong><\/p>\n<p><em>Lines on the Breton Edge<\/em> (1997, English + Breton \/ French \/ German, with the drawings in black ink of Sascha JURITZ (\u2020 2003), Pawel Pan Presse &#8211; Blackbird Editions), titre breton: <em>Linenno<\/em><em>\u00f9<\/em><em> war riblo<\/em><em>\u00f9<\/em><em> lemm Breizh<\/em>, titre fran\u00e7ais: <em>Lignes sur le Fil Breton<\/em>, titre allemand\u00a0: <em>Linien am Rande der Bretagne<\/em>.<\/p>\n<p>&nbsp;<\/p>\n<p><em>You can&rsquo;t change the way the rain appears&#8230; <\/em>(2001, English + Breton \/ French, with the original drawings of Susan EALES, Blackbird Editions &#8211; Pawel Pan Presse), titre breton: <em>N&rsquo;och ket evit chench ar mod ma teu ar glav&#8230;<\/em>, titre fran\u00e7ais: <em>On ne peut pas changer la fa<\/em><em>\u00e7<\/em><em>on dont vient la pluie&#8230;<\/em><\/p>\n<p>&nbsp;<\/p>\n<p><em>What matters most is what you <\/em>make (2004, English + Breton \/ French \/ German, with the drawings in black ink of Sascha JURITZ, Pawel Pan Presse &#8211; Blackbird Editions), titre breton: <em>Ar pezh pouezusa<\/em><em>\u00f1<\/em><em> eo ar pezh a vez graet ganeomp<\/em> (= \u201cla chose la plus lourde est la chose qui est faite par nous\u201d=, titre fran\u00e7ais: <em>Ce qui compte le plus est ce qu&rsquo;on fait<\/em>, titre allemand: <em>Was wirklich z<\/em><em>\u00e4<\/em><em>hlt ist was du bist<\/em> (= \u201cce qui compte vraiment est ce que nous sommes\u201d).<\/p>\n<p>&nbsp;<\/p>\n<p><em>On a Road to No End<\/em> (2008, English + Breton \/ French \/ German, with the original drawings of Susan EALES, Pawel Pan Presse &#8211; Blackbird Editions), titre breton: <em>War <\/em><em>\u2018<\/em><em>un hent didermen<\/em>, titre fran\u00e7ais: <em>Sur une route sans fin<\/em>, titre allemand: <em>Auf einer Strasse ohne Ziel<\/em>.<\/p>\n<p><img loading=\"lazy\" decoding=\"async\" class=\"details-image aligncenter\" src=\"https:\/\/icar.cnrs.fr\/membre\/dbottineau\/wp-content\/uploads\/sites\/133\/2019\/07\/41ccZgXqJvL._SX291_BO1204203200_.jpg\" alt=\"\" width=\"149\" height=\"248\" \/><\/p>\n<p><em>A poem decides<\/em> (2013, English + Breton \/ French \/ German, with the original drawings of Sascha JURITZ, Pawel Pan Presse &#8211; Blackbird Editions), titre breton: <em>Ar barzhoneg an hini a ziviz<\/em>, titre fran\u00e7ais: <em>C&rsquo;est le po<\/em><em>\u00e8<\/em><em>me qui d<\/em><em>\u00e9<\/em><em>cide<\/em>, titre allemand: <em>Ein Gedicht entscheidet<\/em>.<\/p>\n<p>&nbsp;<\/p>\n<p class=\"\"><span class=\"\" style=\"font-family: Bodoni 72\"><strong>Traductions:<\/strong> <\/span><\/p>\n<p class=\"\"><span class=\"\" style=\"font-family: Bodoni 72\">Fan\u0303ch Peru: Breton<br \/>\n<\/span><span class=\"\" style=\"font-family: Bodoni 72\">Marie-Noelle Le Tallec, Nanda Troadeg, Susan Eales, Andre\u0301 LeFevre: Franc\u0327ais\u2028<br class=\"\" \/><\/span><span class=\"\" style=\"font-family: Bodoni 72\">Maria Tritschler, Marianna and Wolf Butenscho\u0308n: Allemand<br \/>\n<\/span><span class=\"\" style=\"font-family: Bodoni 72\">Owen Martell (Tregastell): Gallois<\/span><\/p>\n<p>&nbsp;<\/p>\n<p><strong>CD\u00a0 <em>Just In Case<\/em><br \/>\n<\/strong><\/p>\n<p><img decoding=\"async\" class=\"details-image aligncenter\" src=\"https:\/\/icar.cnrs.fr\/membre\/dbottineau\/wp-content\/uploads\/sites\/133\/2019\/07\/justincase.jpg\" alt=\"\" \/><\/p>\n<p>CD (2010)\u00a0\u00a0\u00a0\u00a0\u00a0 JIC001\u00a0\u00a0\u00a0\u00a0\u00a0\u00a0\u00a0\u00a0\u00a0\u00a0\u00a0 <u>justincase.royeales.monsite-orange.fr\/<\/u><\/p>\n<p>contact\u00a0: marie-bzh-22@orange.fr<\/p>\n<p><em>Just in case \/ Betek-gouzout \/ Au cas o<\/em><em>\u00f9<\/em><em> \/ F<\/em><em>\u00fc<\/em><em>r alle F<\/em><em>\u00e4<\/em><em>lle \/ Rhag Ofn<\/em><\/p>\n<p><em>by Roy Eales and his friends, Music Poetry in five langages, avec la participation de (voix et\/ou chants selon langues et\/ou musique)<\/em><\/p>\n<p>Marianna BUTENSCH\u00d6N, Roy EALES, Emmanuelle HUTEAU, Philippe GLOAGEN, Yannig JORY, Owen MARTELL, Julie MURPHY, Philippe OLLIVIER, Fa\u00f1ch PERU, Bernez TANGI, Pierrick TARDIVEL, Jean-Luc THOMAS, Nanda TROADEG, Marthe VASALLO, Jean-Michel, Kemo et Matilda VEILLON, Tomos WILLIAMS<\/p>\n<p>&nbsp;<\/p>\n<p><strong>R\u00e9f\u00e9rence bibliographique<\/strong><\/p>\n<p>Bottineau D. (2012), <a href=\"http:\/\/hal.archives-ouvertes.fr\/hal-00770371\">\u00ab\u00a0La po\u00e9sie multilingue de Roy Eales\u00a0: \u2018le corps entre quatre langues\u2019 ou la pratique de \u2018l&rsquo;inverbation\u2019\u00a0\u00bb<\/a>, F. Lautel-Ribstein et J.-Y. Masson (\u00e9ds.), Revue <em>SEPTET, Des mots aux actes n<\/em><em>\u00b0<\/em><em>3<\/em><em>\u00a0<\/em><em>: Jean-Ren<\/em><em>\u00e9<\/em><em> Ladmiral : une oeuvre en mouvement, Actes du colloque international organis<\/em><em>\u00e9<\/em><em> les 3-4 juin 2010 <\/em><em>\u00e0<\/em><em> l&rsquo;universit<\/em><em>\u00e9<\/em><em> de Paris-Sorbonne<\/em>, Perros-Guirec\u00a0: Anagrammes, septembre 2012, 271-288.<\/p>\n<p>ISBN : 978-2-84719-067-8<br \/>\n<u>http:\/\/hal.archives-ouvertes.fr\/hal-00770371<\/u><\/p>\n<p>&nbsp;<\/p>\n<p>&nbsp;<\/p>\n<p>&nbsp;<\/p>\n<p>&nbsp;<\/p>\n<p>&nbsp;<\/p>\n","protected":false},"excerpt":{"rendered":"<p>Conf-Con\u00e7 Just in Case, Roy Eales and Friends Po\u00e9sie &#8211; musique en cinq langues &#8212;&#8211; La po\u00e9sie musicale plurilingue entre les arts de la parole et les sciences du langage 11 octobre 2019 ENS de Lyon, site Descartes, th\u00e9\u00e2tre Kantor &hellip; <a href=\"https:\/\/icar.cnrs.fr\/membre\/dbottineau\/evenements\/\">Continuer la lecture <span class=\"meta-nav\">&rarr;<\/span><\/a><\/p>\n","protected":false},"author":1,"featured_media":0,"parent":0,"menu_order":0,"comment_status":"closed","ping_status":"closed","template":"","meta":{"footnotes":""},"class_list":["post-419","page","type-page","status-publish","hentry"],"_links":{"self":[{"href":"https:\/\/icar.cnrs.fr\/membre\/dbottineau\/wp-json\/wp\/v2\/pages\/419","targetHints":{"allow":["GET"]}}],"collection":[{"href":"https:\/\/icar.cnrs.fr\/membre\/dbottineau\/wp-json\/wp\/v2\/pages"}],"about":[{"href":"https:\/\/icar.cnrs.fr\/membre\/dbottineau\/wp-json\/wp\/v2\/types\/page"}],"author":[{"embeddable":true,"href":"https:\/\/icar.cnrs.fr\/membre\/dbottineau\/wp-json\/wp\/v2\/users\/1"}],"replies":[{"embeddable":true,"href":"https:\/\/icar.cnrs.fr\/membre\/dbottineau\/wp-json\/wp\/v2\/comments?post=419"}],"version-history":[{"count":41,"href":"https:\/\/icar.cnrs.fr\/membre\/dbottineau\/wp-json\/wp\/v2\/pages\/419\/revisions"}],"predecessor-version":[{"id":490,"href":"https:\/\/icar.cnrs.fr\/membre\/dbottineau\/wp-json\/wp\/v2\/pages\/419\/revisions\/490"}],"wp:attachment":[{"href":"https:\/\/icar.cnrs.fr\/membre\/dbottineau\/wp-json\/wp\/v2\/media?parent=419"}],"curies":[{"name":"wp","href":"https:\/\/api.w.org\/{rel}","templated":true}]}}