{"id":10,"date":"2016-11-02T17:39:41","date_gmt":"2016-11-02T16:39:41","guid":{"rendered":"https:\/\/icar.cnrs.fr\/membre\/lacosta\/?page_id=10"},"modified":"2024-03-08T17:04:40","modified_gmt":"2024-03-08T16:04:40","slug":"enseignements","status":"publish","type":"page","link":"https:\/\/icar.cnrs.fr\/membre\/lacosta\/enseignements\/","title":{"rendered":"Formation"},"content":{"rendered":"<h1>Parcours universitaire<\/h1>\n<p><strong>2022<\/strong> <a href=\"https:\/\/www.theses.fr\/2022LYSE2042\">Doctorat en Sciences du langage<\/a>. Universit\u00e9 de Lyon. <em>La reformulation : \u00e9tude syntaxique sur les langues fran\u00e7aise et espagnole parl\u00e9es en interaction <strong>\u2022 <\/strong><\/em>Directrice de th\u00e8se : Nathalie Rossi-Gensane \u2022 Co-directrice de th\u00e8se : V\u00e9ronique Traverso \u2022 Rapporteurs : Eric Beaumatin (CNU 14) et Fr\u00e9d\u00e9ric Sabio (CNU 07) \u2022 Examinateurs : Jos\u00e9 Carlos de Hoyos Puente (CNU 14) et Katja Ploog (CNU 07).<\/p>\n<p><strong>2017<\/strong> Master de Sciences du langage, parcours type <em>langues, langages et enjeux soci\u00e9taux<\/em>. Universit\u00e9 Lumi\u00e8re Lyon 2. <em>Les m\u00e9canismes de reformulation dans la langue parl\u00e9e en interaction. <\/em><\/p>\n<p><strong>2016<\/strong> Ma\u00eetrise de Sciences du langage, parcours type <em>discours, texte et communication<\/em>. Universit\u00e9 de Franche-Comt\u00e9.<em> L&rsquo;utilisation de<\/em> como<em> dans les s\u00e9quences descriptives et narratives de l&rsquo;espagnol parl\u00e9<\/em>.<\/p>\n<p><strong>2014<\/strong> Licence en <em>F<\/em><span class=\"ILfuVd yZ8quc\"><b><em>ilolog\u00eda hisp\u00e1nica<\/em>. Universidad de Antioquia, Colombie.\u00a0<\/b><\/span><em>La prosodia de los enunciados declarativos e interrogativos sin expansi\u00f3n en un hablante urbano sin estudios superiores de Medell\u00edn, Antioquia.<\/em><\/p>\n<hr \/>\n<h1>Stages de recherche<\/h1>\n<p><strong>Novembre 2019<\/strong> S\u00e9jour de recherche. <a href=\"http:\/\/www.romanistik.uni-freiburg.de\/rs-web\/\">Romanisches Seminar, Albert-Ludwigs-Universitaet Freiburg<\/a>, Allemagne.<\/p>\n<p><strong>Janvier-Juin 2017<\/strong> Stage de recherche au projet ANR Segmentation de corpus oraux (<a href=\"http:\/\/segcor.cnrs.fr\/\">SegCor<\/a>), ICAR UMR 5191, France.<\/p>\n<p><strong>Septembre 2012<\/strong> Formation \u00e0 m\u00e9thodologie du projet Atlas Multim\u00e9dia Prosodique de l&rsquo;Espace Roman (<a href=\"http:\/\/stel.ub.edu\/labfon\/amper\/cast\/index.html\">AMPER<\/a>) : <em>Profundizaci\u00f3n en la metodolog\u00eda del procesamiento de datos en el entorno MATLAB del Atlas Multimedia de Prosodia del Espacio Rom\u00e1nico (AMPER). <\/em>Universidad de La Laguna, Espagne.<\/p>\n<hr \/>\n<h1><strong>Formations suppl\u00e9mentaires<\/strong><\/h1>\n<p><strong>Novembre 2019<\/strong> <a href=\"http:\/\/www.grk-erzaehlen.uni-freiburg.de\/event\/workshop-small-stories-a-research-paradigm-across-data-and-disciplines\/\">Workshop : <em>Small Stories: A Research Paradigm Across Data and Disciplines<\/em><\/a>. Albert-Ludwigs-Universitaet Freiburg, Allemagne.<\/p>\n<p><strong>Janvier 2018<\/strong> <a href=\"http:\/\/segcor.cnrs.fr\/lyon-workshop\/\">Workshop projet SegCor : <em>Segmentation of oral corpora in German and French: a contrastive approach to syntax and interaction<\/em><\/a>. ICAR UMR 5191, France.<\/p>\n<p><strong>Octobre 2012<\/strong> Workshop sur le traitement acoustique de la parole :\u00a0<em>curso de actualizaci\u00f3n en registro de muestras de se\u00f1ales de habla en cabina ac\u00fasticamente tratada y mediante el uso de instrumentos de precisi\u00f3n. <\/em>Universidad de Antioquia, Colombie<\/p>\n<p><em>.\u00a0<\/em><\/p>\n","protected":false},"excerpt":{"rendered":"<p>Parcours universitaire 2022 Doctorat en Sciences du langage. Universit\u00e9 de Lyon. La reformulation : \u00e9tude syntaxique sur les langues fran\u00e7aise et espagnole parl\u00e9es en interaction \u2022 Directrice de th\u00e8se : Nathalie Rossi-Gensane \u2022 Co-directrice de th\u00e8se : V\u00e9ronique Traverso \u2022 &hellip; <a href=\"https:\/\/icar.cnrs.fr\/membre\/lacosta\/enseignements\/\">Continuer la lecture <span class=\"meta-nav\">&rarr;<\/span><\/a><\/p>\n","protected":false},"author":1,"featured_media":0,"parent":0,"menu_order":3,"comment_status":"closed","ping_status":"closed","template":"","meta":{"footnotes":""},"class_list":["post-10","page","type-page","status-publish","hentry"],"_links":{"self":[{"href":"https:\/\/icar.cnrs.fr\/membre\/lacosta\/wp-json\/wp\/v2\/pages\/10","targetHints":{"allow":["GET"]}}],"collection":[{"href":"https:\/\/icar.cnrs.fr\/membre\/lacosta\/wp-json\/wp\/v2\/pages"}],"about":[{"href":"https:\/\/icar.cnrs.fr\/membre\/lacosta\/wp-json\/wp\/v2\/types\/page"}],"author":[{"embeddable":true,"href":"https:\/\/icar.cnrs.fr\/membre\/lacosta\/wp-json\/wp\/v2\/users\/1"}],"replies":[{"embeddable":true,"href":"https:\/\/icar.cnrs.fr\/membre\/lacosta\/wp-json\/wp\/v2\/comments?post=10"}],"version-history":[{"count":29,"href":"https:\/\/icar.cnrs.fr\/membre\/lacosta\/wp-json\/wp\/v2\/pages\/10\/revisions"}],"predecessor-version":[{"id":320,"href":"https:\/\/icar.cnrs.fr\/membre\/lacosta\/wp-json\/wp\/v2\/pages\/10\/revisions\/320"}],"wp:attachment":[{"href":"https:\/\/icar.cnrs.fr\/membre\/lacosta\/wp-json\/wp\/v2\/media?parent=10"}],"curies":[{"name":"wp","href":"https:\/\/api.w.org\/{rel}","templated":true}]}}