{"id":198,"date":"2019-10-10T16:48:23","date_gmt":"2019-10-10T14:48:23","guid":{"rendered":"https:\/\/icar.cnrs.fr\/membre\/nguichon\/?page_id=198"},"modified":"2019-10-10T16:48:23","modified_gmt":"2019-10-10T14:48:23","slug":"kairos","status":"publish","type":"page","link":"https:\/\/icar.cnrs.fr\/membre\/nguichon\/kairos\/","title":{"rendered":"Kairos"},"content":{"rendered":"<h2>R\u00e9seau Francophone De Chercheurs Autour D\u2019une Approche Sociocritique Du Num\u00e9rique En \u00c9ducation<img loading=\"lazy\" decoding=\"async\" class=\"alignnone size-medium wp-image-199 alignright\" src=\"https:\/\/icar.cnrs.fr\/membre\/nguichon\/wp-content\/uploads\/sites\/58\/2019\/10\/collectif-kairos-300x225.jpg\" alt=\"\" width=\"300\" height=\"225\" srcset=\"https:\/\/icar.cnrs.fr\/membre\/nguichon\/wp-content\/uploads\/sites\/58\/2019\/10\/collectif-kairos-300x225.jpg 300w, https:\/\/icar.cnrs.fr\/membre\/nguichon\/wp-content\/uploads\/sites\/58\/2019\/10\/collectif-kairos-400x300.jpg 400w, https:\/\/icar.cnrs.fr\/membre\/nguichon\/wp-content\/uploads\/sites\/58\/2019\/10\/collectif-kairos.jpg 480w\" sizes=\"auto, (max-width: 300px) 100vw, 300px\" \/><\/h2>\n<p>Le travail progressif de structuration th\u00e9orique d\u2019une\u00a0<a id=\"lnk1-Gr2YKrrx\" href=\"http:\/\/nicolas.guichon.pagesperso-orange.fr\/publicationsspan-stylefont-size24pxspan.html#Nu1CPNfJ\">approche sociocritique du num\u00e9rique en \u00e9ducation<\/a>\u00a0s\u2019inscrit dans un effort de mise en place d\u2019un\u00a0<a id=\"lnk2-Gr2YKrrx\" href=\"http:\/\/www.adjectif.net\/spip\/spip.php?article387\">collectif \u00e9mergent<\/a>\u00a0de chercheures et chercheurs francophones (Belgique, France, Mali, Qu\u00e9bec). Ce collectif organise plusieurs fois par an des journ\u00e9es d\u2019\u00e9tudes publiques, pr\u00e9c\u00e9d\u00e9s par des journ\u00e9es de travail en interne, ainsi que diverses initiatives de production scientifique (p. ex., organisation de symposiums, coordination d\u2019un num\u00e9ro th\u00e9matique dans une revue scientifique, etc.).<br \/>\n<strong>Chercheurs partenaires :<\/strong>\u00a0<a id=\"lnk3-Gr2YKrrx\" href=\"http:\/\/refer-edu.org\/perine-brotcorne\/\">P\u00e9rine BROTCORNE<\/a>\u00a0(Centre de recherche de la Fondation Travail-Universit\u00e9, Belgique) ,\u00a0<a id=\"lnk4-Gr2YKrrx\" href=\"http:\/\/professeurs.uqam.ca\/component\/savrepertoireprofesseurs\/ficheProfesseur?mId=sAaRfWK3P68_\">Simon COLLIN<\/a>\u00a0(Universit\u00e9 du Qu\u00e9bec \u00e0 Montr\u00e9al, Canada),\u00a0<a id=\"lnk5-Gr2YKrrx\" href=\"http:\/\/perso.univ-lille3.fr\/~cfluckiger\/\">C\u00e9dric FLUCKIGER<\/a>, (Universit\u00e9 de Lille, France),\u00a0<a id=\"lnk6-Gr2YKrrx\" href=\"http:\/\/icar.univ-lyon2.fr\/membres\/jfgrassin\/\">Jean-Fran\u00e7ois GRASSIN<\/a>\u00a0(Universit\u00e9 Lumi\u00e8re Lyon 2, France), Nicolas GUICHON, (Universit\u00e9 Lumi\u00e8re Lyon 2, France),\u00a0<a id=\"lnk7-Gr2YKrrx\" href=\"https:\/\/sites.google.com\/site\/catherinemuller9\/\">Catherine MULLER<\/a>\u00a0(Universit\u00e9 Grenoble Alpes, France),\u00a0<a id=\"lnk8-Gr2YKrrx\" href=\"http:\/\/www.erta.ca\/equipe.html?view=member&amp;task=show&amp;id=80\">Jean-Gabin NTEBUTSE<\/a>\u00a0(Universit\u00e9 de Sherbrooke, Qu\u00e9bec),\u00a0<a id=\"lnk9-Gr2YKrrx\" href=\"https:\/\/eurofle.wordpress.com\/\">Christian OLLIVIER<\/a>\u00a0(Universit\u00e9 de la R\u00e9union, France),\u00a0<a id=\"lnk10-Gr2YKrrx\" href=\"http:\/\/www.niroland.be\/\">Nicolas ROLAND<\/a>\u00a0(Universit\u00e9 Libre de Bruxelles, Belgique),\u00a0<a id=\"lnk11-Gr2YKrrx\" href=\"http:\/\/espe.unicaen.fr\/recherche\/nos-chercheur-e-s\/elisabeth-schneider-558318.kjsp\">\u00c9lisabeth SCHNEIDER<\/a>\u00a0(Universit\u00e9 de Caen, France),<br \/>\n<a id=\"lnk12-Gr2YKrrx\" href=\"http:\/\/www.u-grenoble3.fr\/version-francaise\/recherche-valorisation\/m-soubrie-thierry-1124.kjsp\">Thierry SOUBRI\u00c9<\/a>\u00a0(Universit\u00e9 Grenoble Alpes, France)<\/p>\n","protected":false},"excerpt":{"rendered":"<p>R\u00e9seau Francophone De Chercheurs Autour D\u2019une Approche Sociocritique Du Num\u00e9rique En \u00c9ducation Le travail progressif de structuration th\u00e9orique d\u2019une\u00a0approche sociocritique du num\u00e9rique en \u00e9ducation\u00a0s\u2019inscrit dans un effort de mise en place d\u2019un\u00a0collectif \u00e9mergent\u00a0de chercheures et chercheurs francophones (Belgique, France, Mali, &hellip; <a href=\"https:\/\/icar.cnrs.fr\/membre\/nguichon\/kairos\/\">Continuer la lecture <span class=\"meta-nav\">&rarr;<\/span><\/a><\/p>\n","protected":false},"author":52,"featured_media":0,"parent":0,"menu_order":0,"comment_status":"closed","ping_status":"closed","template":"","meta":{"footnotes":""},"class_list":["post-198","page","type-page","status-publish","hentry"],"_links":{"self":[{"href":"https:\/\/icar.cnrs.fr\/membre\/nguichon\/wp-json\/wp\/v2\/pages\/198","targetHints":{"allow":["GET"]}}],"collection":[{"href":"https:\/\/icar.cnrs.fr\/membre\/nguichon\/wp-json\/wp\/v2\/pages"}],"about":[{"href":"https:\/\/icar.cnrs.fr\/membre\/nguichon\/wp-json\/wp\/v2\/types\/page"}],"author":[{"embeddable":true,"href":"https:\/\/icar.cnrs.fr\/membre\/nguichon\/wp-json\/wp\/v2\/users\/52"}],"replies":[{"embeddable":true,"href":"https:\/\/icar.cnrs.fr\/membre\/nguichon\/wp-json\/wp\/v2\/comments?post=198"}],"version-history":[{"count":1,"href":"https:\/\/icar.cnrs.fr\/membre\/nguichon\/wp-json\/wp\/v2\/pages\/198\/revisions"}],"predecessor-version":[{"id":201,"href":"https:\/\/icar.cnrs.fr\/membre\/nguichon\/wp-json\/wp\/v2\/pages\/198\/revisions\/201"}],"wp:attachment":[{"href":"https:\/\/icar.cnrs.fr\/membre\/nguichon\/wp-json\/wp\/v2\/media?parent=198"}],"curies":[{"name":"wp","href":"https:\/\/api.w.org\/{rel}","templated":true}]}}