{"id":177,"date":"2017-08-13T17:56:09","date_gmt":"2017-08-13T15:56:09","guid":{"rendered":"https:\/\/icar.cnrs.fr\/membre\/vriviere\/?page_id=177"},"modified":"2022-09-06T10:58:24","modified_gmt":"2022-09-06T08:58:24","slug":"parcours-universitaire-et-professionnel","status":"publish","type":"page","link":"https:\/\/icar.cnrs.fr\/membre\/vriviere\/parcours-universitaire-et-professionnel\/","title":{"rendered":"Parcours universitaire et professionnel"},"content":{"rendered":"<h1>Formation universitaire<\/h1>\n<hr \/>\n<p>2006\u00a0\u00a0\u00a0 Doctorat en didactologie des langues et des cultures<strong>, <\/strong>Universit\u00e9 Sorbonne Nouvelle, laboratoire DILTEC.<\/p>\n<p>Sujet\u00a0: <a href=\"https:\/\/tel.archives-ouvertes.fr\/tel-00374551\"><em>L\u2019activit\u00e9 de prescription en contexte didactique. Analyse psycho-sociale, s\u00e9mio-discursive et pragmatique des interactions en classe de fran\u00e7ais langue \u00e9trang\u00e8re et seconde<\/em><\/a>.\u00a0 Directrice de th\u00e8se\u00a0: Francine Cicurel<\/p>\n<p>1998\u00a0\u00a0\u00a0 Maitrise de Fran\u00e7ais Langue \u00c9trang\u00e8re, Universit\u00e9 d&rsquo;Orl\u00e9ans.<\/p>\n<p>1997\u00a0\u00a0\u00a0 Maitrise de Lettres Modernes, Universit\u00e9 d&rsquo;Orl\u00e9ans.<\/p>\n<p>Sujet : <em>Le roman de formation dans la litt\u00e9rature n\u00e9gro-africaine d\u2019expression fran\u00e7aise des ann\u00e9es 1950<\/em>.<\/p>\n<h1>Parcours professionnel<\/h1>\n<hr \/>\n<p>2021-2022, Co-directrice adjointe de l&rsquo;UFR de Lettres, Sciences du langage et Arts.<\/p>\n<p>2021, Promue Professeure des universit\u00e9s.<\/p>\n<p>2020-2022, Co-directrice du d\u00e9partement des Sciences du langage, Facult\u00e9 LESLA.<\/p>\n<p>2019, Habilit\u00e9e \u00e0 diriger des recherches doctorales (HDR) par l&rsquo;universit\u00e9 Cergy-Pontoise, <em>Le champ de l&rsquo;interaction en didactique des langues : discours, pratiques, formation. Explicitation d&rsquo;un cadre d&rsquo;analyse et illustration par une recherche-formation<\/em>. Garante : Lucile CADET.<\/p>\n<p>2018 : B\u00e9n\u00e9ficiaire d&rsquo;un Cong\u00e9 pour Recherche ou Conversion Th\u00e9matique, accord\u00e9 par le CNU, 7\u00e8me section<\/p>\n<p>Depuis 2007 : Enseignante-chercheure \u00e0 l&rsquo;universit\u00e9 Lyon 2<\/p>\n<p>2001-2006 : Enseignante de FLE dans diff\u00e9rents contextes (Enseignants primaires, Valparaiso, Chili &#8211; \u00c9tudiants, univ.Orl\u00e9ans et univ. Tours).<\/p>\n<p>2002-2005 : Attach\u00e9e Temporaire d\u2019Enseignement et de Recherche, Universit\u00e9 de Tours, D\u00e9partement Sociolinguistique et Didactique des Langues (SODILANG)<\/p>\n<p>2003-2004 : Responsable p\u00e9dagogique du Centre Universitaire pour l\u2019Enseignement du \u00a0\u00a0Fran\u00e7ais aux \u00c9tudiants \u00c9trangers (CUEFEE), Universit\u00e9 de Tours.<\/p>\n<p>2000-2002 : Charg\u00e9e de cours, Universit\u00e9 d\u2019Orl\u00e9ans, D\u00e9partement des Sciences du Langage.<\/p>\n<p>1998-1999 : Stagiaire du Minist\u00e8re des Affaires \u00c9trang\u00e8res, Casablanca, Maroc.<\/p>\n","protected":false},"excerpt":{"rendered":"<p>Formation universitaire 2006\u00a0\u00a0\u00a0 Doctorat en didactologie des langues et des cultures, Universit\u00e9 Sorbonne Nouvelle, laboratoire DILTEC. Sujet\u00a0: L\u2019activit\u00e9 de prescription en contexte didactique. Analyse psycho-sociale, s\u00e9mio-discursive et pragmatique des interactions en classe de fran\u00e7ais langue \u00e9trang\u00e8re et seconde.\u00a0 Directrice de &hellip; <a href=\"https:\/\/icar.cnrs.fr\/membre\/vriviere\/parcours-universitaire-et-professionnel\/\">Continuer la lecture <span class=\"meta-nav\">&rarr;<\/span><\/a><\/p>\n","protected":false},"author":66,"featured_media":0,"parent":0,"menu_order":0,"comment_status":"closed","ping_status":"closed","template":"","meta":{"footnotes":""},"class_list":["post-177","page","type-page","status-publish","hentry"],"_links":{"self":[{"href":"https:\/\/icar.cnrs.fr\/membre\/vriviere\/wp-json\/wp\/v2\/pages\/177","targetHints":{"allow":["GET"]}}],"collection":[{"href":"https:\/\/icar.cnrs.fr\/membre\/vriviere\/wp-json\/wp\/v2\/pages"}],"about":[{"href":"https:\/\/icar.cnrs.fr\/membre\/vriviere\/wp-json\/wp\/v2\/types\/page"}],"author":[{"embeddable":true,"href":"https:\/\/icar.cnrs.fr\/membre\/vriviere\/wp-json\/wp\/v2\/users\/66"}],"replies":[{"embeddable":true,"href":"https:\/\/icar.cnrs.fr\/membre\/vriviere\/wp-json\/wp\/v2\/comments?post=177"}],"version-history":[{"count":13,"href":"https:\/\/icar.cnrs.fr\/membre\/vriviere\/wp-json\/wp\/v2\/pages\/177\/revisions"}],"predecessor-version":[{"id":325,"href":"https:\/\/icar.cnrs.fr\/membre\/vriviere\/wp-json\/wp\/v2\/pages\/177\/revisions\/325"}],"wp:attachment":[{"href":"https:\/\/icar.cnrs.fr\/membre\/vriviere\/wp-json\/wp\/v2\/media?parent=177"}],"curies":[{"name":"wp","href":"https:\/\/api.w.org\/{rel}","templated":true}]}}