{"id":179,"date":"2018-10-25T16:41:33","date_gmt":"2018-10-25T14:41:33","guid":{"rendered":"https:\/\/icar.cnrs.fr\/membre\/vtraverso\/?page_id=179"},"modified":"2018-10-25T16:41:33","modified_gmt":"2018-10-25T14:41:33","slug":"encadrement","status":"publish","type":"page","link":"https:\/\/icar.cnrs.fr\/membre\/vtraverso\/encadrement\/","title":{"rendered":"Encadrement"},"content":{"rendered":"<h2>Encadrement<\/h2>\n<p>J\u2019encadre des th\u00e8ses dans les domaines de la linguistique interactionnelle, l\u2019analyse multimodale des activit\u00e9s, les approches comparatives de l\u2019interaction, interactions plurilingues et pluriculturelles<\/p>\n<h2><strong>Th\u00e8ses en cours<\/strong><\/h2>\n<p>Elizaveta Chernyshova, 2015, L\u2019implicite dans l\u2019interaction (Allocation du Labex ASLAN)<\/p>\n<p>Tran Phung Kim, 2011, Les \u00e9changes complimenteurs en fran\u00e7ais et en vietnamien, co-direction avec Madame Nguyen V\u00e2n Dung, \u2019Ecole Sup\u00e9rieure de Langues Etrang\u00e8res de Hanoi (Vietnam)<\/p>\n<p>El Hajj Gloria, 2016, Les fran\u00e7ais parl\u00e9s au Liban, financement r\u00e9gional libanais (dans le cadre d\u2019un projet AUF)<\/p>\n<p>Delafontaine Fran\u00e7ois, 2016, A la fronti\u00e8re du discours et de l\u2019interaction : rapport entre p\u00e9riode macro-syntaxique et tour de parole, co-direction avec L. Abouda (Orl\u00e9ans), financ\u00e9 par l\u2019ANR SegCor.<\/p>\n<p>Acosta Luisa Fernanda, 2017, La reformulation dans les langues fran\u00e7aise et espagnole parl\u00e9es en interaction (Contrat doctoral de l\u2019Universit\u00e9 Lyon 2), co-direction avec Nathalie Rossi-Gensane et Isabel Colon<\/p>\n","protected":false},"excerpt":{"rendered":"<p>Encadrement J\u2019encadre des th\u00e8ses dans les domaines de la linguistique interactionnelle, l\u2019analyse multimodale des activit\u00e9s, les approches comparatives de l\u2019interaction, interactions plurilingues et pluriculturelles Th\u00e8ses en cours Elizaveta Chernyshova, 2015, L\u2019implicite dans l\u2019interaction (Allocation du Labex ASLAN) Tran Phung Kim, &hellip; <a href=\"https:\/\/icar.cnrs.fr\/membre\/vtraverso\/encadrement\/\">Continuer la lecture <span class=\"meta-nav\">&rarr;<\/span><\/a><\/p>\n","protected":false},"author":1,"featured_media":0,"parent":0,"menu_order":0,"comment_status":"closed","ping_status":"closed","template":"","meta":{"footnotes":""},"class_list":["post-179","page","type-page","status-publish","hentry"],"_links":{"self":[{"href":"https:\/\/icar.cnrs.fr\/membre\/vtraverso\/wp-json\/wp\/v2\/pages\/179","targetHints":{"allow":["GET"]}}],"collection":[{"href":"https:\/\/icar.cnrs.fr\/membre\/vtraverso\/wp-json\/wp\/v2\/pages"}],"about":[{"href":"https:\/\/icar.cnrs.fr\/membre\/vtraverso\/wp-json\/wp\/v2\/types\/page"}],"author":[{"embeddable":true,"href":"https:\/\/icar.cnrs.fr\/membre\/vtraverso\/wp-json\/wp\/v2\/users\/1"}],"replies":[{"embeddable":true,"href":"https:\/\/icar.cnrs.fr\/membre\/vtraverso\/wp-json\/wp\/v2\/comments?post=179"}],"version-history":[{"count":1,"href":"https:\/\/icar.cnrs.fr\/membre\/vtraverso\/wp-json\/wp\/v2\/pages\/179\/revisions"}],"predecessor-version":[{"id":181,"href":"https:\/\/icar.cnrs.fr\/membre\/vtraverso\/wp-json\/wp\/v2\/pages\/179\/revisions\/181"}],"wp:attachment":[{"href":"https:\/\/icar.cnrs.fr\/membre\/vtraverso\/wp-json\/wp\/v2\/media?parent=179"}],"curies":[{"name":"wp","href":"https:\/\/api.w.org\/{rel}","templated":true}]}}